{"id":15305,"date":"2022-09-14T20:45:53","date_gmt":"2022-09-14T20:45:53","guid":{"rendered":"https:\/\/www.utsvirtual.edu.co\/sitio\/?page_id=15305"},"modified":"2026-04-09T11:14:31","modified_gmt":"2026-04-09T11:14:31","slug":"procesos-virtuales","status":"publish","type":"page","link":"https:\/\/www.utsvirtual.edu.co\/sitio\/procesos-virtuales\/","title":{"rendered":"Procesos Virtuales"},"content":{"rendered":"<div class=\"wpb-content-wrapper\"><div class=\"vc_row wpb_row vc_row-fluid\"><div class=\"wpb_column vc_column_container vc_col-sm-12\"><div class=\"vc_column-inner\"><div class=\"wpb_wrapper\">\n\t<div  class=\"wpb_single_image wpb_content_element vc_align_center wpb_content_element\">\n\t\t\n\t\t<figure class=\"wpb_wrapper vc_figure\">\n\t\t\t<div class=\"vc_single_image-wrapper   vc_box_border_grey\"><img fetchpriority=\"high\" decoding=\"async\" width=\"2560\" height=\"1000\" src=\"https:\/\/www.utsvirtual.edu.co\/sitio\/wp-content\/uploads\/2023\/05\/procesos-Virtuales@4x-100-scaled.jpg\" class=\"vc_single_image-img attachment-full\" alt=\"\" title=\"procesos Virtuales@4x-100\" srcset=\"https:\/\/www.utsvirtual.edu.co\/sitio\/wp-content\/uploads\/2023\/05\/procesos-Virtuales@4x-100-scaled.jpg 2560w, https:\/\/www.utsvirtual.edu.co\/sitio\/wp-content\/uploads\/2023\/05\/procesos-Virtuales@4x-100-300x117.jpg 300w, https:\/\/www.utsvirtual.edu.co\/sitio\/wp-content\/uploads\/2023\/05\/procesos-Virtuales@4x-100-1024x400.jpg 1024w, https:\/\/www.utsvirtual.edu.co\/sitio\/wp-content\/uploads\/2023\/05\/procesos-Virtuales@4x-100-150x59.jpg 150w, https:\/\/www.utsvirtual.edu.co\/sitio\/wp-content\/uploads\/2023\/05\/procesos-Virtuales@4x-100-768x300.jpg 768w, https:\/\/www.utsvirtual.edu.co\/sitio\/wp-content\/uploads\/2023\/05\/procesos-Virtuales@4x-100-1536x600.jpg 1536w, https:\/\/www.utsvirtual.edu.co\/sitio\/wp-content\/uploads\/2023\/05\/procesos-Virtuales@4x-100-2048x800.jpg 2048w\" sizes=\"(max-width: 2560px) 100vw, 2560px\" \/><\/div>\n\t\t<\/figure>\n\t<\/div>\n\n\t<div class=\"wpb_text_column wpb_content_element vc_custom_1694527045294\" >\n\t\t<div class=\"wpb_wrapper\">\n\t\t\t<p style=\"text-align: justify;\">Las Unidades Tecnol\u00f3gicas de Santander presenta a continuaci\u00f3n las directrices para realizar los procesos acad\u00e9micos, procesos de matr\u00edculas de estudiantes nuevos y de estudiantes antiguos, requisitos y modalidades de grados normativa institucional, y lar canales de soporte y su\u00a0 respectivos accesos a los espacios digitales con a informaci\u00f3n relevante seg\u00fan sea le necesidad.<\/p>\n<p>Le invitamos a revisar cada uno de los siguientes espacios para conocer cada proceso, teniendo en cuenta que todo <span style=\"color: #339966;\"><a style=\"color: #339966;\" href=\"https:\/\/www.utsvirtual.edu.co\/sitio\/calendario-academico-ii-2023\/\" target=\"_blank\" rel=\"noopener\"><span style=\"color: #339966;\"><b>proceso debe hacer en los tiempos estipulados en el calendario acad\u00e9mico <span style=\"color: #ff6600;\">(Ver <\/span><\/b><\/span><span style=\"color: #ff6600;\"><b>aqu\u00ed<\/b><b>):<\/b><\/span><\/a><\/span><\/p>\n\n\t\t<\/div>\n\t<\/div>\n<div class=\"vc_separator wpb_content_element vc_separator_align_center vc_sep_width_100 vc_sep_pos_align_center vc_sep_color_green wpb_content_element vc_separator-has-text\" ><span class=\"vc_sep_holder vc_sep_holder_l\"><span class=\"vc_sep_line\"><\/span><\/span><div class=\"vc_icon_element vc_icon_element-outer vc_do_icon vc_icon_element-align-left\"><div class=\"vc_icon_element-inner vc_icon_element-color-green vc_icon_element-size-md vc_icon_element-style- vc_icon_element-background-color-grey\" ><span class=\"vc_icon_element-icon fas fa-paperclip\" ><\/span><\/div><\/div><h4>Procesos acad\u00e9micos y servicios en modalidad virtual<\/h4><span class=\"vc_sep_holder vc_sep_holder_r\"><span class=\"vc_sep_line\"><\/span><\/span>\n<\/div><div class=\"vc_tta-container\" data-vc-action=\"collapse\"><div class=\"vc_general vc_tta vc_tta-tabs vc_tta-color-sky vc_tta-style-modern vc_tta-shape-rounded vc_tta-spacing-1 vc_tta-o-no-fill vc_tta-tabs-position-top vc_tta-controls-align-center\"><div class=\"vc_tta-tabs-container\"><ul class=\"vc_tta-tabs-list\" role=\"tablist\"><li class=\"vc_tta-tab\" data-vc-tab role=\"presentation\"><a href=\"#1662607256283-9f873c23-526d\" data-vc-tabs data-vc-container=\".vc_tta\" role=\"tab\" aria-selected=\"false\" id=\"tab-1662607256283-9f873c23-526d\"><i class=\"vc_tta-icon fas fa-edit\"><\/i><span class=\"vc_tta-title-text\">Matricula<\/span><\/a><\/li><li class=\"vc_tta-tab\" data-vc-tab role=\"presentation\"><a href=\"#1662607249209-697351c2-3e75\" data-vc-tabs data-vc-container=\".vc_tta\" role=\"tab\" aria-selected=\"false\" id=\"tab-1662607249209-697351c2-3e75\"><i class=\"vc_tta-icon fas fa-share-square\"><\/i><span class=\"vc_tta-title-text\">Transferencias<\/span><\/a><\/li><li class=\"vc_tta-tab\" data-vc-tab role=\"presentation\"><a href=\"#1662607249233-53691aef-0e4e\" data-vc-tabs data-vc-container=\".vc_tta\" role=\"tab\" aria-selected=\"false\" id=\"tab-1662607249233-53691aef-0e4e\"><i class=\"vc_tta-icon fas fa-user-graduate\"><\/i><span class=\"vc_tta-title-text\">Modalidades de trabajo de Grado<\/span><\/a><\/li><li class=\"vc_tta-tab\" data-vc-tab role=\"presentation\"><a href=\"#1664313749810-76f3123b-515d\" data-vc-tabs data-vc-container=\".vc_tta\" role=\"tab\" aria-selected=\"false\" id=\"tab-1664313749810-76f3123b-515d\"><i class=\"vc_tta-icon fas fa-graduation-cap\"><\/i><span class=\"vc_tta-title-text\">Procedimiento de Grado<\/span><\/a><\/li><li class=\"vc_tta-tab\" data-vc-tab role=\"presentation\"><a href=\"#1663006189976-2e01ed4f-f2a0\" data-vc-tabs data-vc-container=\".vc_tta\" role=\"tab\" aria-selected=\"false\" id=\"tab-1663006189976-2e01ed4f-f2a0\"><i class=\"vc_tta-icon fas fa-university\"><\/i><span class=\"vc_tta-title-text\">Procesos acad\u00e9micos<\/span><\/a><\/li><li class=\"vc_tta-tab\" data-vc-tab role=\"presentation\"><a href=\"#1663006233933-a6230ebe-f1c7\" data-vc-tabs data-vc-container=\".vc_tta\" role=\"tab\" aria-selected=\"false\" id=\"tab-1663006233933-a6230ebe-f1c7\"><i class=\"vc_tta-icon fas fa-book-reader\"><\/i><span class=\"vc_tta-title-text\">Normativa<\/span><\/a><\/li><li class=\"vc_tta-tab\" data-vc-tab role=\"presentation\"><a href=\"#1663041131739-e731ad67-b024\" data-vc-tabs data-vc-container=\".vc_tta\" role=\"tab\" aria-selected=\"false\" id=\"tab-1663041131739-e731ad67-b024\"><i class=\"vc_tta-icon fas fa-at\"><\/i><span class=\"vc_tta-title-text\">Correo institucional<\/span><\/a><\/li><li class=\"vc_tta-tab\" data-vc-tab role=\"presentation\"><a href=\"#1663006521651-3e62cdf2-8baf\" data-vc-tabs data-vc-container=\".vc_tta\" role=\"tab\" aria-selected=\"false\" id=\"tab-1663006521651-3e62cdf2-8baf\"><i class=\"vc_tta-icon fas fa-headset\"><\/i><span class=\"vc_tta-title-text\">Soporte<\/span><\/a><\/li><\/ul><\/div><div class=\"vc_tta-panels-container\"><div class=\"vc_tta-panels\"><div class=\"vc_tta-panel\" id=\"1662607256283-9f873c23-526d\" data-vc-content=\".vc_tta-panel-body\"><div class=\"vc_tta-panel-heading\"><h4 class=\"vc_tta-panel-title\"><a href=\"#1662607256283-9f873c23-526d\" data-vc-accordion data-vc-container=\".vc_tta-container\"><i class=\"vc_tta-icon fas fa-edit\"><\/i><span class=\"vc_tta-title-text\">Matricula<\/span><\/a><\/h4><\/div><div class=\"vc_tta-panel-body\"><div class=\"vc_row wpb_row vc_inner vc_row-fluid\"><div class=\"wpb_column vc_column_container vc_col-sm-3\"><div class=\"vc_column-inner\"><div class=\"wpb_wrapper\"><div class=\"vc_message_box vc_message_box-standard vc_message_box-rounded vc_color-pink vc_do_message\" ><div class=\"vc_message_box-icon\"><i class=\"fa fa-solid fa-circle-info\"><\/i><\/div><p style=\"text-align: justify;\">El proceso para estudiante nuevos es a trav\u00e9s de la Inscripci\u00f3n en L\u00ednea de Aspirantes nuevos.<\/p>\n<p style=\"text-align: justify;\">El proceso para estudiantes antiguos, es matricular sus M\u00f3dulos virtual, a trav\u00e9s del <strong><span style=\"color: #339966;\"><a style=\"color: #339966;\" href=\"https:\/\/www.uts.edu.co\/sitio\/portal-academico\/\" target=\"_blank\" rel=\"noopener\">portal acad\u00e9mico Academusoft.<\/a> <\/span><\/strong><\/p>\n<p style=\"text-align: justify;\"><span style=\"color: #339966;\"><span style=\"color: #339966;\"><b>Recuerde revisar el Manual de matriculas. <\/b><\/span><\/span><\/p>\n<p style=\"text-align: justify;\"><span style=\"color: #ff0000;\"><b><em>Debe matricular los m\u00f3dulos de todo el semestre<\/em><\/b><\/span><\/p>\n<\/div><div class=\"vc_btn3-container vc_btn3-center vc_do_btn\" ><a class=\"vc_general vc_btn3 vc_btn3-size-md vc_btn3-shape-rounded vc_btn3-style-modern vc_btn3-block vc_btn3-icon-left vc_btn3-color-success\" href=\"https:\/\/gdeco.uts.edu.co\/cupones\/\" title=\"Imprimir Liquidaci\u00f3n\" target=\"_blank\"><i class=\"vc_btn3-icon fas fa-file-invoice-dollar\"><\/i> Imprima su Liquidaci\u00f3n<\/a><\/div><div class=\"vc_btn3-container vc_btn3-center vc_do_btn\" ><a class=\"vc_general vc_btn3 vc_btn3-size-md vc_btn3-shape-rounded vc_btn3-style-modern vc_btn3-block vc_btn3-icon-left vc_btn3-color-turquoise\" href=\"https:\/\/www.utsvirtual.edu.co\/sitio\/wp-content\/uploads\/2023\/01\/Manual-Matriculas-de-Asignaturas.pdf\" title=\"Imprimir Liquidaci\u00f3n\" target=\"_blank\"><i class=\"vc_btn3-icon fas fa-file-alt\"><\/i> Manual para matr\u00edculas<\/a><\/div><div class=\"vc_btn3-container vc_btn3-center vc_do_btn\" ><a class=\"vc_general vc_btn3 vc_btn3-size-md vc_btn3-shape-rounded vc_btn3-style-modern vc_btn3-block vc_btn3-icon-left vc_btn3-color-warning\" href=\"https:\/\/www.utsvirtual.edu.co\/sitio\/calendario-academico-ii-2023\/\" title=\"Calendario Acad\u00e9mico\" target=\"_blank\"><i class=\"vc_btn3-icon far fa-calendar-alt\"><\/i> Calendario Acad\u00e9mico<\/a><\/div><\/div><\/div><\/div><div class=\"wpb_column vc_column_container vc_col-sm-9\"><div class=\"vc_column-inner\"><div class=\"wpb_wrapper\"><div class=\"cq-accordion2 \" style=\"width:;\" data-titlecolor=\"#1e73be\" data-titlebg=\"#ffffff\" data-titlehoverbg=\"#00aced\" data-titlehovercolor=\"#ffffff\" data-displayfirst=\"\"><dl><dt><a class=\"accordionTitle withBorder\" style=\"background-color:#ffffff;background-image:url();padding:;color:#1e73be;border-color:#1e73be;\" href=\"#\"><i class=\"accordion-icon\">+<\/i><span style=\"font-size:;\">Inscripci\u00f3n en L\u00ednea de Aspirantes nuevos<\/span><\/a><\/dt><dd class=\"accordionItem accordionItemCollapsed\"><div class=\"accordion-content\" style=\"background-color:;color:#000000;font-size:;\"><\/p>\n<p style=\"text-align: justify;\">Para proceder a la inscripci\u00f3n en l\u00ednea le invitamos\u00a0 revisar el apartado de<span style=\"color: #008000;\"><strong> <a style=\"color: #008000;\" href=\"https:\/\/www.utsvirtual.edu.co\/sitio\/admisiones-modalidad-virtual\" target=\"_blank\" rel=\"noopener\">Admisiones y matricula.<\/a><\/strong><\/span><\/p>\n<p><\/div><\/dd><dt><a class=\"accordionTitle withBorder\" style=\"background-color:#ffffff;background-image:url();padding:;color:#1e73be;border-color:#1e73be;\" href=\"#\"><i class=\"accordion-icon\">+<\/i><span style=\"font-size:;\">Matr\u00edcula Estudiantes Nuevos Modalidad Virtual<\/span><\/a><\/dt><dd class=\"accordionItem accordionItemCollapsed\"><div class=\"accordion-content\" style=\"background-color:;color:#000000;font-size:;\"><\/p>\n<p style=\"text-align: justify;\">El proceso para estudiantes nuevos, de Primer Semestre <strong>(Nivel Tecnol\u00f3gico)<\/strong> \u2013 S\u00e9ptimo Semestre <strong>(Nivel Universitario)<\/strong>, <strong>no matriculan m\u00f3dulos virtuales en el portal acad\u00e9mico,<\/strong> este proceso lo hace la instituci\u00f3n por \u00fanica vez.<\/p>\n<p>&nbsp;<\/p>\n<h3 style=\"text-align: center;\"><span style=\"color: #008000;\">Calendario Oferta Acad\u00e9mica\u00a0 Programas en Modalidad Virtual Primer Periodo Acad\u00e9mico 2026- Estudiantes Nuevos<\/span><\/h3>\n<table class=\"tabla_contenido\" style=\"height: 126px;\" align=\"left\">\n<tbody>\n<tr style=\"height: 21px;\">\n<th style=\"background-color: #4cadc9; height: 21px; text-align: center; width: 308px;\"><span style=\"color: #ffffff;\">Procesos<\/span><\/th>\n<th style=\"background-color: #4cadc9; height: 21px; text-align: center; width: 201px;\"><span style=\"color: #ffffff;\">Fecha Inicial<\/span><\/th>\n<th style=\"background-color: #4cadc9; height: 21px; text-align: center; width: 224px;\"><span style=\"color: #ffffff;\">Fecha Final<\/span><\/th>\n<\/tr>\n<tr class=\"impar\" style=\"height: 21px;\">\n<td style=\"height: 20px; text-align: center; width: 308px;\"><span style=\"color: #000000;\"><strong><span style=\"color: #000000;\">Inscripci\u00f3n<\/span> de Aspirantes<\/strong><\/span><\/td>\n<td style=\"height: 20px; text-align: center; width: 201px;\"><b>06 de octubre de 2025<\/b><\/td>\n<td style=\"height: 20px; text-align: center; width: 224px;\"><b>16 enero de 2026<\/b><\/td>\n<\/tr>\n<tr class=\"par\" style=\"height: 21px;\">\n<td style=\"height: 21px; text-align: center; width: 308px;\">Publicaci\u00f3n Lista de Admitidos<\/td>\n<td style=\"height: 21px; text-align: center; width: 201px;\">17 enero de 2026<\/td>\n<td style=\"height: 21px; text-align: center; width: 224px;\"><\/td>\n<\/tr>\n<tr class=\"par\" style=\"height: 21px;\">\n<td style=\"height: 21px; text-align: center; width: 308px;\">Descarga y Pago de matr\u00edcula<\/td>\n<td style=\"height: 21px; text-align: center; width: 201px;\">19 enero de 2026<\/td>\n<td style=\"height: 21px; text-align: center; width: 224px;\">24 enero de 2026<\/td>\n<\/tr>\n<tr class=\"par\" style=\"height: 21px;\">\n<td style=\"height: 21px; text-align: center; width: 308px;\">Matr\u00edcula: M\u00f3dulos (Estudiantes nuevos realizada por la instituci\u00f3n)<\/td>\n<td style=\"height: 21px; text-align: center; width: 201px;\">19 enero de 2026<\/td>\n<td style=\"height: 21px; text-align: center; width: 224px;\">26 enero de 2026<\/td>\n<\/tr>\n<tr style=\"height: 24px;\">\n<td style=\"text-align: center; width: 308px; height: 24px;\"><span style=\"color: #000000;\"><strong>Env\u00edo de informaci\u00f3n para Inducci\u00f3n estudiantes nuevos<\/strong><\/span><\/td>\n<td style=\"width: 201px; height: 24px;\" width=\"178\">\n<p style=\"text-align: center;\">07 enero de 2026<\/p>\n<\/td>\n<td style=\"text-align: center; width: 224px; height: 24px;\"><\/td>\n<\/tr>\n<tr class=\"impar\" style=\"height: 21px;\">\n<td style=\"height: 21px; text-align: center; width: 308px;\"><span style=\"color: #000000;\"><strong>Env\u00edo de informaci\u00f3n para Iniciaci\u00f3n de Clases<\/strong><\/span><\/td>\n<td style=\"height: 21px; text-align: center; width: 201px;\">09 enero de 2026<\/td>\n<td style=\"height: 21px; text-align: center; width: 224px;\"><\/td>\n<\/tr>\n<\/tbody>\n<\/table>\n<p><\/div><\/dd><dt><a class=\"accordionTitle withBorder\" style=\"background-color:#ffffff;background-image:url();padding:;color:#1e73be;border-color:#1e73be;\" href=\"#\"><i class=\"accordion-icon\">+<\/i><span style=\"font-size:;\">Matr\u00edcula Estudiantes Antiguos Modalidad Virtual<\/span><\/a><\/dt><dd class=\"accordionItem accordionItemCollapsed\"><div class=\"accordion-content\" style=\"background-color:;color:#000000;font-size:;\"><\/p>\n<p style=\"text-align: justify;\">El proceso para estudiantes antiguos, es matricular sus M\u00f3dulos virtual, a trav\u00e9s del portal acad\u00e9mico Academusoft:<\/p>\n<p style=\"text-align: justify;\"><span style=\"color: #008000;\"><a style=\"color: #008000;\" href=\"https:\/\/www.uts.edu.co\/sitio\/portal-academico\/\" target=\"_blank\" rel=\"noopener\"><strong>Ingrese aqu\u00ed al Portal Acad\u00e9mico.<\/strong><\/a><\/span><br \/>\n<span style=\"color: #008000;\"><a style=\"color: #008000;\" href=\"https:\/\/www.utsvirtual.edu.co\/sitio\/wp-content\/uploads\/2023\/01\/Manual-Matriculas-de-Asignaturas.pdf\" target=\"_blank\" rel=\"noopener\"><b>Descargar<\/b><strong>\u00a0aqu\u00ed Manual de matr\u00edcula.<\/strong><\/a><\/span><\/p>\n<p style=\"text-align: justify;\">Tenga en que cuenta que<strong>\u00a0todos los estudiantes antiguos\u00a0deben matricular m\u00f3dulos virtuales<\/strong>\u00a0en el<strong>\u00a0portal acad\u00e9mico<\/strong>, este proceso no lo hace la instituci\u00f3n y es responsabilidad del estudiante. <span style=\"color: #ff6600;\"><b><em>(Recuerde que debe matricular los m\u00f3dulos de todo el semestre)<\/em><\/b><\/span><\/p>\n<p>&nbsp;<\/p>\n<h3 style=\"text-align: center;\"><span style=\"color: #008000;\">Calendario Oferta Acad\u00e9mica\u00a0 Programas en Modalidad Virtual Primer Periodo Acad\u00e9mico 2026 &#8211; Estudiantes Antiguos\u00a0<\/span><\/h3>\n<table class=\"tabla_contenido\" style=\"height: 126px;\" align=\"left\">\n<tbody>\n<tr style=\"height: 21px;\">\n<th style=\"background-color: #4cadc9; height: 21px; text-align: center; width: 308px;\"><span style=\"color: #ffffff;\">Procesos<\/span><\/th>\n<th style=\"background-color: #4cadc9; height: 21px; text-align: center; width: 193px;\"><span style=\"color: #ffffff;\">Fecha Inicial<\/span><\/th>\n<th style=\"background-color: #4cadc9; height: 21px; text-align: center; width: 189px;\"><span style=\"color: #ffffff;\">Fecha Final<\/span><\/th>\n<\/tr>\n<tr class=\"impar\" style=\"height: 21px;\">\n<td style=\"height: 20px; text-align: center; width: 308px;\">Descarga de Liquidaci\u00f3n<\/td>\n<td style=\"height: 20px; text-align: center; width: 193px;\">02 enero de 2026<\/td>\n<td style=\"height: 20px; text-align: center; width: 189px;\">24 enero de 2026<\/td>\n<\/tr>\n<tr class=\"par\" style=\"height: 21px;\">\n<td style=\"height: 21px; text-align: center; width: 308px;\">Pago de matr\u00edcula ordinaria<\/td>\n<td style=\"height: 21px; text-align: center; width: 193px;\">02 enero de 2026<\/td>\n<td style=\"height: 21px; text-align: center; width: 189px;\">24 enero de 2026<\/td>\n<\/tr>\n<tr class=\"par\" style=\"height: 21px;\">\n<td style=\"height: 21px; text-align: center; width: 308px;\">Matr\u00edcula: M\u00f3dulos (Estudiantes antiguos, realizada por los estudiantes)<\/td>\n<td style=\"height: 21px; text-align: center; width: 193px;\">02 enero de 2026<\/td>\n<td style=\"height: 21px; text-align: center; width: 189px;\">24 enero de 2026<\/td>\n<\/tr>\n<tr class=\"par\" style=\"height: 21px;\">\n<td style=\"height: 18px; text-align: center; width: 308px;\" colspan=\"3\">\n<h3><strong>Matr\u00edcula en Academusoft <a href=\"https:\/\/www.utsvirtual.edu.co\/sitio\/wp-content\/uploads\/2023\/01\/Manual-Matriculas-de-Asignaturas.pdf\" target=\"_blank\" rel=\"noopener\"><span style=\"color: #339966;\">Ver Manual de Matriculas<\/span><\/a><\/strong><\/h3>\n<\/td>\n<\/tr>\n<tr class=\"impar\" style=\"height: 21px;\">\n<td style=\"height: 21px; text-align: center; width: 308px;\"><span style=\"color: #000000;\"><strong>Env\u00edo de informaci\u00f3n para Iniciaci\u00f3n de Clases<\/strong><\/span><\/td>\n<td style=\"height: 21px; text-align: center; width: 193px;\">09 febrero de 2026<\/td>\n<td style=\"height: 21px; text-align: center; width: 189px;\"><\/td>\n<\/tr>\n<\/tbody>\n<\/table>\n<p><\/div><\/dd><\/dl><\/div><div class=\"vc_separator wpb_content_element vc_separator_align_center vc_sep_width_100 vc_sep_border_width_2 vc_sep_pos_align_center vc_separator_no_text wpb_content_element  wpb_content_element\" ><span class=\"vc_sep_holder vc_sep_holder_l\"><span style=\"border-color:#0f4770;\" class=\"vc_sep_line\"><\/span><\/span><span class=\"vc_sep_holder vc_sep_holder_r\"><span style=\"border-color:#0f4770;\" class=\"vc_sep_line\"><\/span><\/span>\n<\/div>\n\t<div  class=\"wpb_single_image wpb_content_element vc_align_center wpb_content_element wpb_animate_when_almost_visible wpb_top-to-bottom top-to-bottom\">\n\t\t<h2 class=\"wpb_heading wpb_singleimage_heading\">Video Tutorial para matr\u00edculas (Escanea o da click abajo)<\/h2>\n\t\t<figure class=\"wpb_wrapper vc_figure\">\n\t\t\t<a href=\"https:\/\/youtu.be\/JR0iFI77_fw\" target=\"_blank\" class=\"vc_single_image-wrapper vc_box_shadow_3d  vc_box_border_grey\"><img decoding=\"async\" width=\"300\" height=\"300\" src=\"https:\/\/www.utsvirtual.edu.co\/sitio\/wp-content\/uploads\/2023\/12\/\u270f-Video-matriculas-2024-300x300.jpg\" class=\"vc_single_image-img attachment-medium\" alt=\"\" title=\"&#x270f; V\u00eddeo matriculas 2024\" srcset=\"https:\/\/www.utsvirtual.edu.co\/sitio\/wp-content\/uploads\/2023\/12\/\u270f-Video-matriculas-2024-300x300.jpg 300w, https:\/\/www.utsvirtual.edu.co\/sitio\/wp-content\/uploads\/2023\/12\/\u270f-Video-matriculas-2024-1024x1024.jpg 1024w, https:\/\/www.utsvirtual.edu.co\/sitio\/wp-content\/uploads\/2023\/12\/\u270f-Video-matriculas-2024-150x150.jpg 150w, https:\/\/www.utsvirtual.edu.co\/sitio\/wp-content\/uploads\/2023\/12\/\u270f-Video-matriculas-2024-768x768.jpg 768w, https:\/\/www.utsvirtual.edu.co\/sitio\/wp-content\/uploads\/2023\/12\/\u270f-Video-matriculas-2024-1536x1536.jpg 1536w, https:\/\/www.utsvirtual.edu.co\/sitio\/wp-content\/uploads\/2023\/12\/\u270f-Video-matriculas-2024-400x400.jpg 400w, https:\/\/www.utsvirtual.edu.co\/sitio\/wp-content\/uploads\/2023\/12\/\u270f-Video-matriculas-2024-120x120.jpg 120w, https:\/\/www.utsvirtual.edu.co\/sitio\/wp-content\/uploads\/2023\/12\/\u270f-Video-matriculas-2024-220x220.jpg 220w, https:\/\/www.utsvirtual.edu.co\/sitio\/wp-content\/uploads\/2023\/12\/\u270f-Video-matriculas-2024.jpg 1600w\" sizes=\"(max-width: 300px) 100vw, 300px\" \/><\/a>\n\t\t<\/figure>\n\t<\/div>\n<\/div><\/div><\/div><\/div><\/div><\/div><div class=\"vc_tta-panel\" id=\"1662607249209-697351c2-3e75\" data-vc-content=\".vc_tta-panel-body\"><div class=\"vc_tta-panel-heading\"><h4 class=\"vc_tta-panel-title\"><a href=\"#1662607249209-697351c2-3e75\" data-vc-accordion data-vc-container=\".vc_tta-container\"><i class=\"vc_tta-icon fas fa-share-square\"><\/i><span class=\"vc_tta-title-text\">Transferencias<\/span><\/a><\/h4><\/div><div class=\"vc_tta-panel-body\"><div class=\"vc_row wpb_row vc_inner vc_row-fluid\"><div class=\"wpb_column vc_column_container vc_col-sm-12\"><div class=\"vc_column-inner\"><div class=\"wpb_wrapper\"><div class=\"vc_message_box vc_message_box-standard vc_message_box-rounded vc_color-info vc_do_message\" ><div class=\"vc_message_box-icon\"><i class=\"fa fa-solid fa-circle-info\"><\/i><\/div><p style=\"text-align: justify;\"><strong>\u00bfSabes que es una transferencia interna?<\/strong><br \/>\nUna transferencia interna se aplica cuando un estudiante de las UTS, ha decidido cambiar de programa acad\u00e9mico o cambio de modalidad presencial a virtual, y desea que le homologuen las asignaturas cursadas y aprobadas, y estar\u00e1 sujeta al cumplimiento de los requisitos y condiciones expresados en el reglamento estudiantil.<\/p>\n<\/div><div class=\"cq-accordion2 \" style=\"width:;\" data-titlecolor=\"#1e73be\" data-titlebg=\"#ffffff\" data-titlehoverbg=\"#1e73be\" data-titlehovercolor=\"#ffffff\" data-displayfirst=\"\"><div class=\"extraborder\" style=\"background-color:#1e73be;\"><\/div><dl><dt><a class=\"accordionTitle withBorder\" style=\"background-color:#ffffff;background-image:url();padding:;color:#1e73be;border-color:#1e73be;\" href=\"#\"><i class=\"accordion-icon\">+<\/i><span style=\"font-size:;\">Realizar una Transferencia Interna<\/span><\/a><\/dt><dd class=\"accordionItem accordionItemCollapsed\"><div class=\"accordion-content\" style=\"background-color:#ffffff;color:#000000;font-size:;\"><strong>De programa de modalidad presencial a modalidad virtual<\/strong><\/p>\n<ol>\n<li>Diligencia el formulario de inscripci\u00f3n por transferencia interna en l\u00ednea por el portal acad\u00e9mico Academusoft .<span style=\"color: #008000;\"><strong style=\"color: #008000;\">\u00a0<a style=\"color: #008000;\" href=\"http:\/\/academusoft.uts.edu.co\/uts\/academusoft\/academico\/inscripcion\/ins_control_acceso.jsp?proceso=3&amp;&amp;idNivelEducativo=1\" target=\"_blank\" rel=\"noopener noreferrer\">Aqu\u00ed,<\/a><\/strong><span style=\"color: #008000;\">\u00a0<\/span><a style=\"color: #008000;\" href=\"https:\/\/www.utsvirtual.edu.co\/sitio\/wp-content\/uploads\/2020\/05\/Portal-Transferencia-Interna..pdf\" target=\"_blank\" rel=\"noopener noreferrer\">\u00bfVer c\u00f3mo?<\/a> <span style=\"color: #ff0000;\"><b style=\"color: #ff0000;\">(Recuerde que sin este proceso no se puede gestionar la <\/b><span style=\"color: #ff0000;\"><b>transferencia<\/b><\/span><b style=\"color: #ff0000;\"> interna)<\/b><\/span><\/span><\/li>\n<li>Descarga el recibo del pago de la transferencia interna. <span style=\"color: #008000;\"><strong><a style=\"color: #008000;\" href=\"https:\/\/gdeco.uts.edu.co\/pagosuts\/info.php\" target=\"_blank\" rel=\"noopener noreferrer\">Aqu\u00ed,<\/a><\/strong>\u00a0<a href=\"https:\/\/www.utsvirtual.edu.co\/sitio\/wp-content\/uploads\/2023\/07\/Pago-Int.jpg\" target=\"_blank\" rel=\"noopener\">\u00bfVer c\u00f3mo?<\/a><\/span><\/li>\n<\/ol>\n<div class=\"titulo-siderbar\">\n<p>Este tr\u00e1mite se realiza en la coordinaci\u00f3n de virtualidad, subiendo los siguientes documentos al formulario virtual:<\/p>\n<ol>\n<li>Evidencia Formulario de solicitud de la Transferencia en l\u00ednea por el portal acad\u00e9mico de Academusoft diligenciado.<\/li>\n<li>Recibo del pago de la Transferencia interna.<\/li>\n<li>Formato F-DC-39 diligenciado.\u00a0<span style=\"color: #008000;\"><a style=\"color: #008000;\" href=\"https:\/\/www.dropbox.com\/scl\/fo\/pudgcaq639agy7t06ahjs\/ABP4YhvfnoCF2VZRMEc5blA\/2.%20MISIONALES\/DOCENCIA\/2.%20DOCUMENTOS%20DEL%20PROCESO\/REQUISITOS%20RELACIONADOS%20ESTUDIANTE\/FORMATOS?dl=0&amp;preview=F-DC-39+Modificaci%C3%B3n+matr%C3%ADcula+acad%C3%A9mica+V12..doc&amp;rlkey=6s0b9ajweteyx2ang7ywvk6xm&amp;subfolder_nav_tracking=1\" target=\"_blank\" rel=\"noopener\"><strong>Descargar Aqu\u00ed.<\/strong><\/a><\/span><\/li>\n<\/ol>\n<p><span style=\"color: #339966;\"><span style=\"color: #000080;\"><b>Subir <\/b>los documentos al formulario virtual<\/span>:<\/span><span style=\"color: #008000;\"> <a style=\"font-weight: bold; color: #008000;\" href=\"https:\/\/forms.office.com\/r\/dmuGWHwWM7?origin=lprLink\" target=\"_blank\" rel=\"noopener\">Aqu\u00ed <\/a><\/span><span style=\"color: #ff0000;\"><b>(Solo estar\u00e1 disponible en las fechas estipuladas en el\u00a0calendario\u00a0acad\u00e9mico)<\/b><\/span><\/p>\n<p><strong>NOTA: <\/strong>Los estudiantes que vayan a solicitar transferencia a un programa de modalidad virtual deben acceder con el <span style=\"color: #339966;\"><b style=\"color: #339966;\">correo institucional del estudiante interesado al <\/b><span style=\"color: #339966;\"><b>formulario<\/b><\/span><b style=\"color: #339966;\">.\u00a0<\/b><\/span><span style=\"color: #ff0000;\"><strong>Si no tiene correo institucional, debe enviar la documentaci\u00f3n a los siguientes correos seg\u00fan corresponda indicando la novedad de no tener correo institucional.<\/strong><\/span><\/p>\n<h3><b data-olk-copy-source=\"MessageBody\">Coordinaci\u00f3n Mercadeo<\/b><\/h3>\n<h3><u><a id=\"OWA541a2758-9992-b2ee-857f-5c56425afa26\" title=\"mailto:virtualmercadeo@correo.uts.edu.co\" href=\"mailto:virtualmercadeo@correo.uts.edu.co\" data-linkindex=\"1\">virtualmercadeo@correo.uts.edu.co<\/a><\/u><\/h3>\n<h3><b>Coordinaci\u00f3n Contadur\u00eda\u00a0P\u00fablica<\/b><\/h3>\n<h3><u><a id=\"OWA17e4b7b7-c24a-5be9-9366-a59866b1cd9f\" title=\"mailto:virtualcontaduriapublica@correo.uts.edu.co\" href=\"mailto:virtualcontaduriapublica@correo.uts.edu.co\" data-linkindex=\"2\">virtualcontaduriapublica@correo.uts.edu.co<\/a><\/u><\/h3>\n<h3><b>Coordinaci\u00f3n Administraci\u00f3n de Empresas<\/b><\/h3>\n<h3><u><a id=\"OWAbcc1fcc4-a810-5536-d717-47d753f3ac27\" title=\"mailto:virtualadmonempresas@correo.uts.edu.co\" href=\"mailto:virtualadmonempresas@correo.uts.edu.co\" data-linkindex=\"3\">virtualadmonempresas@correo.uts.edu.co<\/a><\/u><\/h3>\n<h3><b>Coordinaci\u00f3n Tecnolog\u00eda en Gesti\u00f3n Tur\u00edstica y Hotelera<\/b><\/h3>\n<h3><a title=\"mailto:virtualturismo@correo.uts.edu.co\" href=\"mailto:virtualturismo@correo.uts.edu.co\"><u>virtualturismo@correo.uts.edu.co<\/u><\/a><\/h3>\n<p style=\"text-align: justify;\">&#x2705; Una vez hayas solicitado la transferencia en el sistema acad\u00e9mico y enviado al formulario los documentos solicitados, debe esperar la <strong>respuesta de la coordinaci\u00f3n de virtualidad.<\/strong>\u00a0 Posteriormente si la\u00a0<strong>transferencia es aceptada<\/strong>\u00a0puede descargar la liquidaci\u00f3n del pago de la matr\u00edcula en las<strong>\u00a0fechas establecidas en el calendario acad\u00e9mico<\/strong>, digitando tu n\u00famero del documento de identidad con el cual te inscribiste, y paga los derechos de matr\u00edcula en los bancos asignados en el recibo. <a href=\"https:\/\/gdeco.uts.edu.co\/cupones\/\" target=\"_blank\" rel=\"noopener\"><strong><span style=\"color: #339966;\">Descargar Liquidaci\u00f3n\u00a0<\/span><\/strong><\/a><\/p>\n<p>Recuerde que la matr\u00edcula de asignaturas la realiza la<strong> coordinaci\u00f3n de virtualidad esta primera y \u00fanica vez<\/strong>, este proceso es basado en la homologaci\u00f3n de sus asignaturas por de una modalidad a otra.<\/p>\n<\/div>\n<p><\/div><\/dd><\/dl><\/div><\/div><\/div><\/div><\/div><div class=\"vc_row wpb_row vc_inner vc_row-fluid\"><div class=\"wpb_column vc_column_container vc_col-sm-12\"><div class=\"vc_column-inner\"><div class=\"wpb_wrapper\"><div class=\"vc_message_box vc_message_box-standard vc_message_box-rounded vc_color-alert-warning vc_do_message\" ><div class=\"vc_message_box-icon\"><i class=\"fa fa-solid fa-circle-info\"><\/i><\/div><p style=\"text-align: justify;\"><strong>\u00bfSabes que es una transferencia externa?<\/strong><br \/>\nUna transferencia externa es cuando un egresado o estudiante de una Instituci\u00f3n de Educaci\u00f3n Superior reconocida por el Ministerio de Educaci\u00f3n Nacional se retira y decide continuar sus estudios en las Unidades Tecnol\u00f3gicas de Santander, pero adem\u00e1s, desea que le homologuen las asignaturas cursadas y aprobadas en la otra Instituci\u00f3n.\u00a0\u00a0<strong>Recuerda que siempre debes empezar por el Nivel tecnol\u00f3gico en las UTS, <\/strong>y\u00a0estar\u00e1 sujeta al cumplimiento de los requisitos y condiciones expresados en el reglamento estudiantil.<\/p>\n<\/div><div class=\"cq-accordion2 \" style=\"width:;\" data-titlecolor=\"#dd9933\" data-titlebg=\"#ffffff\" data-titlehoverbg=\"#dd9933\" data-titlehovercolor=\"#ffffff\" data-displayfirst=\"\"><div class=\"extraborder\" style=\"background-color:#dd9933;\"><\/div><dl><dt><a class=\"accordionTitle withBorder\" style=\"background-color:#ffffff;background-image:url();padding:;color:#dd9933;border-color:#dd9933;\" href=\"#\"><i class=\"accordion-icon\">+<\/i><span style=\"font-size:;\">Realizar una Transferencia externa<\/span><\/a><\/dt><dd class=\"accordionItem accordionItemCollapsed\"><div class=\"accordion-content\" style=\"background-color:#ffffff;color:#000000;font-size:;\"><\/p>\n<ol>\n<li>Diligencia el formulario de inscripci\u00f3n por transferencia externa y realizar impresi\u00f3n.<strong>\u00a0<span style=\"color: #008000;\"><a style=\"color: #008000;\" href=\"http:\/\/academusoft.uts.edu.co\/uts\/academusoft\/academico\/inscripcion\/ins_control_acceso.jsp?proceso=2&amp;&amp;idNivelEducativo=1\" target=\"_blank\" rel=\"noopener noreferrer\">Aqu\u00ed.<\/a> <span style=\"color: #ff0000;\"><b style=\"color: #ff0000;\">(Recuerde que sin este proceso no se puede gestionar la <\/b><b>transferencia<\/b><b style=\"color: #ff0000;\"> externa)<\/b><\/span><\/span><\/strong><\/li>\n<li>Descarga el recibo del pago de la transferencia externa <strong>(Estudio de homologaci\u00f3n por transferencia de otras instituciones de educaci\u00f3n superior)<\/strong>. <span style=\"color: #008000;\"><strong><a style=\"color: #008000;\" href=\"https:\/\/gdeco.uts.edu.co\/pagosuts\/info.php\" target=\"_blank\" rel=\"noopener noreferrer\">Aqu\u00ed.<\/a><\/strong><\/span><\/li>\n<li>Recibo del pago de inscripci\u00f3n<strong>.\u00a0<span style=\"color: #008000;\"><a style=\"color: #008000;\" href=\"https:\/\/gdeco.uts.edu.co\/pagosuts\/info.php\" target=\"_blank\" rel=\"noopener noreferrer\">Aqu\u00ed.<\/a>\u00a0 <a href=\"https:\/\/www.utsvirtual.edu.co\/sitio\/wp-content\/uploads\/2023\/07\/Pago-Ext.jpg\" target=\"_blank\" rel=\"noopener\">\u00bfVer C\u00f3mo?<\/a><\/span><\/strong><\/li>\n<\/ol>\n<div class=\"titulo-siderbar\">\n<p>Este tr\u00e1mite se realiza en la coordinaci\u00f3n de virtualidad, enviando los siguientes documentos\u00a0 los siguientes correos seg\u00fan corresponda:<\/p>\n<\/div>\n<p><strong>Coordinaci\u00f3n de Contadur\u00eda P\u00fablica Virtual<\/strong><br \/>\n<strong><span style=\"color: #008000;\">virtualcontaduriapublica@correo.uts.edu.co<\/span><\/strong><\/p>\n<p><strong>Coordinaci\u00f3n de Administraci\u00f3n de Empresas Virtual<\/strong><br \/>\n<strong><span style=\"color: #008000;\">virtualadmonempresas@correo.uts.edu.co<\/span><\/strong><\/p>\n<p><strong>Coordinaci\u00f3n de Mercadeo Virtual<\/strong><br \/>\n<span style=\"color: #008000;\"><strong>virtualmercadeo@correo.uts.edu.co<\/strong><\/span><\/p>\n<div class=\"titulo-siderbar\">\n<ol>\n<li>Formulario impreso de la solicitud de inscripci\u00f3n de la Transferencia externa.<\/li>\n<li>Recibo del pago de la Transferencia externa <strong>(Estudio de homologaci\u00f3n por transferencia de otras instituciones de educaci\u00f3n superior).<\/strong><\/li>\n<li>Recibo del pago de inscripci\u00f3n.<\/li>\n<li>Formato F-DC-40 diligenciado.<\/li>\n<li>Foto tama\u00f1o 3\u00d74.<\/li>\n<li>Fotocopia del diploma de bachiller o Acta de Grado.<\/li>\n<li>Fotocopia del documento de identidad ampliada al 150%.<\/li>\n<li>Pruebas del Estado (Icfes o Saber 11).<\/li>\n<li>\u00daltimo recibo de servicio p\u00fablico que tenga estrato.<\/li>\n<li>Certificado de notas con vigencia no mayor a 6 meses, con el registro calificado del Ministerio de Educaci\u00f3n Nacional.<\/li>\n<li>Contenidos program\u00e1ticos de cada asignatura a homologar.<\/li>\n<\/ol>\n<p style=\"text-align: justify;\"><strong>NOTA: Recuerda que el programa de procedencia debe poseer Registro Calificado del Ministerio de Educaci\u00f3n Nacional.<\/strong><\/p>\n<p style=\"text-align: justify;\">&#x2705; Una vez haya enviado los documentos para el proceso de Admisi\u00f3n y finalizado correctamente su inscripci\u00f3n por transferencia externa, debe esperar la\u00a0<strong>respuesta de la coordinaci\u00f3n de virtualidad.<\/strong>\u00a0 Posteriormente si la transferencia es aceptada puede descargar la liquidaci\u00f3n del pago de la matr\u00edcula en las fechas establecidas en el calendario acad\u00e9mico, digitando su n\u00famero de documento de identidad con el cual se inscribi\u00f3; Pagando los derechos de matr\u00edcula en los bancos asignados en el recibo. <a href=\"https:\/\/gdeco.uts.edu.co\/cupones\/\" target=\"_blank\" rel=\"noopener\"><strong><span style=\"color: #339966;\">Descargar Liquidaci\u00f3n.<\/span><\/strong><\/a><\/p>\n<p style=\"text-align: justify;\"><strong>&#x26a0; 48 horas despu\u00e9s<\/strong> de realizado el pago de los derechos pecuniarios de la matr\u00edcula, debe enviar un correo a la Coordinaci\u00f3n al correo institucional para realizar su matr\u00edcula:<\/p>\n<p><strong>Coordinaci\u00f3n de Contadur\u00eda P\u00fablica Virtual<\/strong><br \/>\n<strong><span style=\"color: #008000;\">virtualcontaduriapublica@correo.uts.edu.co<\/span><\/strong><\/p>\n<p><strong>Coordinaci\u00f3n de Administraci\u00f3n de Empresas Virtual<\/strong><br \/>\n<strong><span style=\"color: #008000;\">virtualadmonempresas@correo.uts.edu.co<\/span><\/strong><\/p>\n<p><strong>Coordinaci\u00f3n de Mercadeo Virtual<\/strong><br \/>\n<span style=\"color: #008000;\"><strong>virtualmercadeo@correo.uts.edu.co<\/strong><\/span><\/p>\n<\/div>\n<p><\/div><\/dd><\/dl><\/div><\/div><\/div><\/div><\/div><div class=\"vc_separator wpb_content_element vc_separator_align_center vc_sep_width_100 vc_sep_pos_align_center vc_separator_no_text vc_sep_color_grey wpb_content_element  wpb_content_element\" ><span class=\"vc_sep_holder vc_sep_holder_l\"><span class=\"vc_sep_line\"><\/span><\/span><span class=\"vc_sep_holder vc_sep_holder_r\"><span class=\"vc_sep_line\"><\/span><\/span>\n<\/div><div class=\"vc_row wpb_row vc_inner vc_row-fluid\"><div class=\"wpb_column vc_column_container vc_col-sm-12\"><div class=\"vc_column-inner\"><div class=\"wpb_wrapper\"><div class=\"vc_separator wpb_content_element vc_separator_align_center vc_sep_width_100 vc_sep_pos_align_center vc_separator_no_text vc_sep_color_grey wpb_content_element  wpb_content_element\" ><span class=\"vc_sep_holder vc_sep_holder_l\"><span class=\"vc_sep_line\"><\/span><\/span><span class=\"vc_sep_holder vc_sep_holder_r\"><span class=\"vc_sep_line\"><\/span><\/span>\n<\/div>\n\t<div  class=\"wpb_single_image wpb_content_element vc_align_center wpb_content_element\">\n\t\t<h2 class=\"wpb_heading wpb_singleimage_heading\">Video tutorial Transferencias (Escanea o da click abajo)<\/h2>\n\t\t<figure class=\"wpb_wrapper vc_figure\">\n\t\t\t<a href=\"https:\/\/youtu.be\/Q6sY7AiIR9s\" target=\"_blank\" class=\"vc_single_image-wrapper vc_box_shadow_3d  vc_box_border_grey\"><img decoding=\"async\" width=\"300\" height=\"300\" src=\"https:\/\/www.utsvirtual.edu.co\/sitio\/wp-content\/uploads\/2023\/12\/\u2705-Video-tutorial-Transferencias-2023-2024-300x300.jpg\" class=\"vc_single_image-img attachment-medium\" alt=\"\" title=\"&#x2705; V\u00eddeo tutorial Transferencias 2023 -2024\" srcset=\"https:\/\/www.utsvirtual.edu.co\/sitio\/wp-content\/uploads\/2023\/12\/\u2705-Video-tutorial-Transferencias-2023-2024-300x300.jpg 300w, https:\/\/www.utsvirtual.edu.co\/sitio\/wp-content\/uploads\/2023\/12\/\u2705-Video-tutorial-Transferencias-2023-2024-1024x1024.jpg 1024w, https:\/\/www.utsvirtual.edu.co\/sitio\/wp-content\/uploads\/2023\/12\/\u2705-Video-tutorial-Transferencias-2023-2024-150x150.jpg 150w, https:\/\/www.utsvirtual.edu.co\/sitio\/wp-content\/uploads\/2023\/12\/\u2705-Video-tutorial-Transferencias-2023-2024-768x768.jpg 768w, https:\/\/www.utsvirtual.edu.co\/sitio\/wp-content\/uploads\/2023\/12\/\u2705-Video-tutorial-Transferencias-2023-2024-1536x1536.jpg 1536w, https:\/\/www.utsvirtual.edu.co\/sitio\/wp-content\/uploads\/2023\/12\/\u2705-Video-tutorial-Transferencias-2023-2024-400x400.jpg 400w, https:\/\/www.utsvirtual.edu.co\/sitio\/wp-content\/uploads\/2023\/12\/\u2705-Video-tutorial-Transferencias-2023-2024-120x120.jpg 120w, https:\/\/www.utsvirtual.edu.co\/sitio\/wp-content\/uploads\/2023\/12\/\u2705-Video-tutorial-Transferencias-2023-2024-220x220.jpg 220w, https:\/\/www.utsvirtual.edu.co\/sitio\/wp-content\/uploads\/2023\/12\/\u2705-Video-tutorial-Transferencias-2023-2024.jpg 1600w\" sizes=\"(max-width: 300px) 100vw, 300px\" \/><\/a>\n\t\t<\/figure>\n\t<\/div>\n<div class=\"vc_btn3-container vc_btn3-center vc_do_btn\" ><a class=\"vc_general vc_btn3 vc_btn3-size-md vc_btn3-shape-rounded vc_btn3-style-modern vc_btn3-icon-left vc_btn3-color-warning\" href=\"https:\/\/www.utsvirtual.edu.co\/sitio\/calendario-academico-ii-2023\/\" title=\"Calendario Acad\u00e9mico\" target=\"_blank\"><i class=\"vc_btn3-icon fas fa-calendar\"><\/i> Calendario Acad\u00e9mico<\/a><\/div><\/div><\/div><\/div><\/div><\/div><\/div><div class=\"vc_tta-panel\" id=\"1662607249233-53691aef-0e4e\" data-vc-content=\".vc_tta-panel-body\"><div class=\"vc_tta-panel-heading\"><h4 class=\"vc_tta-panel-title\"><a href=\"#1662607249233-53691aef-0e4e\" data-vc-accordion data-vc-container=\".vc_tta-container\"><i class=\"vc_tta-icon fas fa-user-graduate\"><\/i><span class=\"vc_tta-title-text\">Modalidades de trabajo de Grado<\/span><\/a><\/h4><\/div><div class=\"vc_tta-panel-body\"><div class=\"vc_row wpb_row vc_inner vc_row-fluid\"><div class=\"wpb_column vc_column_container vc_col-sm-12\"><div class=\"vc_column-inner\"><div class=\"wpb_wrapper\"><div class=\"vc_message_box vc_message_box-standard vc_message_box-rounded vc_color-green vc_do_message\" ><div class=\"vc_message_box-icon\"><i class=\"fas fa-graduation-cap\"><\/i><\/div><p><span style=\"color: #000000;\">El estudiante de las Unidades Tecnol\u00f3gicas de Santander puede desarrollar alguna de las siguientes modalidades de Trabajo de Grado:<\/span><\/p>\n<ol>\n<li><span style=\"color: #000000;\">Proyecto de Investigaci\u00f3n<\/span><\/li>\n<li><span style=\"color: #000000;\">Desarrollo Tecnol\u00f3gico<\/span><\/li>\n<li><span style=\"color: #000000;\">Monograf\u00eda<\/span><\/li>\n<li><span style=\"color: #000000;\">Seminario<\/span><\/li>\n<li><span style=\"color: #000000;\">Pr\u00e1ctica. <a href=\"https:\/\/www.uts.edu.co\/sitio\/modalidad-trabajos-de-grado\/\" target=\"_blank\" rel=\"noopener\"><em>(Conozca el listado de pr\u00e1cticas con los cuales existe convenio vigente.)<\/em><\/a><\/span><\/li>\n<li><span style=\"color: #000000;\">Emprendimiento<\/span><\/li>\n<\/ol>\n<\/div>\n\t<div class=\"wpb_text_column wpb_content_element\" >\n\t\t<div class=\"wpb_wrapper\">\n\t\t\t<p style=\"text-align: justify;\"><span style=\"color: #008000;\"><span style=\"color: #008000;\"><b>Especificaciones<\/b><\/span><strong style=\"color: #008000;\">\u00a0del Trabajo de Grado<\/strong><\/span><\/p>\n<p style=\"text-align: justify;\">El Trabajo de Grado puede ser realizado en forma individual o en equipo; este podr\u00e1 estar integrado hasta por dos (2) estudiantes. Los criterios para la definici\u00f3n del n\u00famero de integrantes ser\u00e1n los siguientes: complejidad de la tem\u00e1tica abordada; complejidad de la situaci\u00f3n problem\u00e1tica abordada; impacto en los procesos de docencia, investigaci\u00f3n y extensi\u00f3n de la Instituci\u00f3n; impactos que genera el objeto de estudio en la sociedad (social, econ\u00f3mico ambiental, tecnol\u00f3gico, cultural, entre otros); inversi\u00f3n econ\u00f3mica para generar producci\u00f3n intelectual, cient\u00edfica, tecnol\u00f3gica o acad\u00e9mica.<\/p>\n<p style=\"text-align: justify;\">Para la presentaci\u00f3n de la propuesta de Trabajo de Grado ante el comit\u00e9 de trabajo de grado, los estudiantes que cursan <strong>planes de estudios aprobados por el MEN antes de entrar en aplicaci\u00f3n el decreto 1330 de julio 25 de 2019<\/strong>, deber\u00e1n realizar la inscripci\u00f3n de la modalidad hasta <span style=\"color: #339966;\"><strong>el 13 de\u00a0 marzo de 2026<\/strong><\/span>, acorde con el <span style=\"color: #339966;\"><strong>Calendario Acad\u00e9mico Virtual 2026-1<\/strong><\/span>, tienen plazo para el pago hasta el <span style=\"color: #339966;\"><strong>10<\/strong><\/span><span style=\"color: #339966;\"><strong> de abril<\/strong><\/span>\u00a0<span style=\"color: #339966;\"><strong>de 2026<\/strong><\/span>, la fecha de aprobaci\u00f3n de la propuesta de trabajo de grado ser\u00e1 hasta el <strong><span style=\"color: #339966;\">08 de mayo de 2026<\/span><span style=\"color: #339966;\">.<\/span><\/strong> Para la modalidad de <span style=\"color: #000000;\"><strong>Seminario de Grado Virtual<\/strong> <strong>el pago del respectivo derecho pecuniario debe hacerse antes del inicio<\/strong> <\/span>del correspondiente seminario.<\/p>\n<p style=\"text-align: justify;\">El <strong>pago del derecho pecuniario realizado en un periodo acad\u00e9mico<\/strong> por la persona natural, correspondiente a su modalidad de Trabajo de Grado, <span style=\"color: #339966;\"><strong>solo tiene validez o vigencia por el periodo acad\u00e9mico<\/strong><\/span> en el cual se realiz\u00f3 el pago y por lo tanto su valor no ser\u00e1 devuelto o reintegrado por parte de la Instituci\u00f3n; y tampoco podr\u00e1 utilizarse dicho valor en periodos acad\u00e9micos posteriores para cubrir el pago del derecho pecuniario de la modalidad de Trabajo de Grado o de cualquier otra obligaci\u00f3n con la Instituci\u00f3n. Lo anterior, dando cumplimiento de los requisitos y condiciones expresados en el reglamento de trabajo de grado.<\/p>\n<p><a href=\"https:\/\/www.uts.edu.co\/sitio\/wp-content\/uploads\/normatividad\/acuerdos\/acu-73.pdf?_t=1629462746\" target=\"_blank\" rel=\"noopener\">Reglamento de Trabajo de Grado de las Unidades Tecnol\u00f3gicas de Santander<\/a><\/p>\n\n\t\t<\/div>\n\t<\/div>\n<div class=\"vc_btn3-container vc_btn3-inline vc_custom_1741584621811 vc_do_btn\" ><a class=\"vc_general vc_btn3 vc_btn3-size-md vc_btn3-shape-rounded vc_btn3-style-modern vc_btn3-icon-left vc_btn3-color-blue\" href=\"https:\/\/www.uts.edu.co\/sitio\/modalidad-trabajos-de-grado\/\" title=\"\" target=\"_blank\"><i class=\"vc_btn3-icon fas fa-info-circle\"><\/i> M\u00e1s Informaci\u00f3n<\/a><\/div>\n\t<div class=\"wpb_text_column wpb_content_element\" >\n\t\t<div class=\"wpb_wrapper\">\n\t\t\t\n\t\t<\/div>\n\t<\/div>\n<div class=\"cq-accordion \" style=\"width:;\" data-displayfirst=\"\"><ul><li><input type=\"checkbox\" checked><i class=\"\"><\/i><h4 style=\"color:#117f1e;font-size:;padding:;\">&#x2754; Inscripci\u00f3n a la modalidad de trabajo de grado<\/h4><div class=\"accordion-content\" style=\"background-color:#ffffff;color:#000000;font-size:;\"><strong>Inscripci\u00f3n de Tem\u00e1tica:\u00a0\u00a0<\/strong><\/p>\n<ol>\n<li>Para estudiantes de Administraci\u00f3n de empresas y Tecnolog\u00eda en Gesti\u00f3n Empresarial <a href=\"https:\/\/forms.office.com\/r\/scPjJpRFPV\" target=\"_blank\" rel=\"noopener\"><span style=\"color: #008000;\"><strong>Ingrese aqu\u00ed<\/strong> <\/span><\/a>al formulario de inscripci\u00f3n con su <span style=\"color: #ff0000;\"><strong>correo institucional<\/strong> <\/span>y siga las instrucciones.<\/li>\n<li>Para estudiantes de Contadur\u00eda P\u00fablica y Tecnolog\u00eda en Contabilidad Financiera <a href=\"https:\/\/forms.office.com\/r\/KauZf3Krrd\" target=\"_blank\" rel=\"noopener\"><span style=\"color: #008000;\"><strong>Ingrese aqu\u00ed<\/strong> <\/span><\/a>al formulario de inscripci\u00f3n con su correo <span style=\"color: #ff0000;\"><strong>correo institucional<\/strong> <\/span> y siga las instrucciones.<\/li>\n<li>Para estudiantes de Tecnologia en Gesti\u00f3n Comercial <a href=\"https:\/\/forms.office.com\/r\/HNMSectdUJ\" target=\"_blank\" rel=\"noopener\"><span style=\"color: #008000;\"><strong>Ingrese aqu\u00ed<\/strong> <\/span><\/a>al formulario de inscripci\u00f3n con su correo <span style=\"color: #ff0000;\"><strong>correo institucional<\/strong> <\/span> y siga las instrucciones<\/li>\n<\/ol>\n<p><span style=\"color: #ff0000;\"><b>Importante<\/b><\/span>: <span style=\"color: #000000;\">La respuesta de esta inscripci\u00f3n\u00a0<b>(Aprobaci\u00f3n o no aprobaci\u00f3n)\u00a0<\/b>ser\u00e1 el d\u00eda siguiente al Comit\u00e9 peri\u00f3dico de Grado de Modalidad Virtual, este se realiza los d\u00edas Lunes (Si no es d\u00eda h\u00e1bil, se realiza el siguiente d\u00eda h\u00e1bil).<\/span><\/p>\n<p><span style=\"color: #3366ff;\"><a style=\"color: #3366ff;\" href=\"http:\/\/gdeco.uts.edu.co\/pagosuts\/info.php\" target=\"_blank\" rel=\"noopener\"><strong>Ingrese aqu\u00ed<\/strong><\/a><\/span> para realizar el pago del derecho pecuniario correspondiente a la modalidad de Trabajo de Grado que eligi\u00f3.<br \/>\n<strong><span style=\"color: #000000;\">Para desarrollar su modalidad de grado tiene un per\u00edodo de tiempo de\u00a0 16 Semanas.<\/span><\/strong><br \/>\n<span style=\"color: #000000;\">Para tener informaci\u00f3n de inscripci\u00f3n de modalidad de grado para estudiantes de modalidad virtual escribir a los siguientes correos:<\/span><\/p>\n<p><strong>Correo Administraci\u00f3n de Empresas<\/strong><span style=\"color: #339966;\"><strong>: virtualadmonproyectosdegrado@correo.uts.edu.co\u00a0<\/strong><\/span><\/p>\n<p><strong>Correo Contadur\u00eda P\u00fablica:<\/strong><span style=\"color: #339966;\"><strong> virtualproyectosgradocontaduria@correo.uts.edu.co<\/strong><\/span><\/p>\n<p><strong>Correo Mercadeo:<\/strong><span style=\"color: #339966;\"><strong> virtualproyectosgradomercadeo@correo.uts.edu.co<\/strong><\/span><\/p>\n<p><strong><b>Coordinaci\u00f3n Tecnolog\u00eda en Gesti\u00f3n Tur\u00edstica y Hotelera<\/b>:<\/strong><span style=\"color: #339966;\"><strong> <span data-olk-copy-source=\"MessageBody\">virtualproyectosgradoturismo@correo.uts.edu.co<\/span><\/strong><\/span><\/div><\/li><li><input type=\"checkbox\" checked><i class=\"\"><\/i><h4 style=\"color:#117f1e;font-size:;padding:;\">&#x2754; Consulta como hacer pagos pecuniarios de modalidades de grado<\/h4><div class=\"accordion-content\" style=\"background-color:#ffffff;color:#000000;font-size:;\"><img loading=\"lazy\" decoding=\"async\" class=\"alignnone wp-image-16348 aligncenter\" src=\"https:\/\/www.utsvirtual.edu.co\/sitio\/wp-content\/uploads\/2023\/08\/Paso-apaso-Grados-1024x974.png\" alt=\"\" width=\"690\" height=\"656\" srcset=\"https:\/\/www.utsvirtual.edu.co\/sitio\/wp-content\/uploads\/2023\/08\/Paso-apaso-Grados-1024x974.png 1024w, https:\/\/www.utsvirtual.edu.co\/sitio\/wp-content\/uploads\/2023\/08\/Paso-apaso-Grados-300x285.png 300w, https:\/\/www.utsvirtual.edu.co\/sitio\/wp-content\/uploads\/2023\/08\/Paso-apaso-Grados-150x143.png 150w, https:\/\/www.utsvirtual.edu.co\/sitio\/wp-content\/uploads\/2023\/08\/Paso-apaso-Grados-768x731.png 768w, https:\/\/www.utsvirtual.edu.co\/sitio\/wp-content\/uploads\/2023\/08\/Paso-apaso-Grados-1536x1462.png 1536w, https:\/\/www.utsvirtual.edu.co\/sitio\/wp-content\/uploads\/2023\/08\/Paso-apaso-Grados-2048x1949.png 2048w\" sizes=\"(max-width: 690px) 100vw, 690px\" \/><\/div><\/li><li><input type=\"checkbox\" checked><i class=\"\"><\/i><h4 style=\"color:#117f1e;font-size:;padding:;\">&#x2754; Banco de ideas de tem\u00e1ticas para modalidades de grado<\/h4><div class=\"accordion-content\" style=\"background-color:#ffffff;color:#000000;font-size:;\"><strong>Que es el banco de ideas tem\u00e1ticas para modalidad de grado:\u00a0\u00a0<\/strong><\/p>\n<p>El Banco de ideas de tem\u00e1ticas para modalidades de grado es una herramienta para almacenar, recopilar, actualizar, publicar y consultar informaci\u00f3n resumida, relevante y estandarizada sobre las problem\u00e1ticas o necesidades de innovaci\u00f3n detectadas dentro de un entorno investigativo como fuente de informaci\u00f3n para que los equipos de trabajo puedan identificar potenciales ideas de proyectos.<\/p>\n<p><span style=\"color: #000000;\">Para tener informaci\u00f3n de inscripci\u00f3n de modalidad de grado para estudiantes de modalidad virtual escribir a los siguientes correos:<\/span><\/p>\n<p><strong>Correo Administraci\u00f3n de Empresas<\/strong><span style=\"color: #339966;\"><strong>: virtualadmonproyectosdegrado@correo.uts.edu.co.<\/strong><\/span><\/p>\n<p><strong>Correo Contadur\u00eda P\u00fablica:<\/strong><span style=\"color: #339966;\"><strong> virtualproyectosdegradocontaduria@correo.uts.edu.co.<\/strong><\/span><\/p>\n<p><strong>Correo Mercadeo:<\/strong><span style=\"color: #339966;\"><strong> virtualproyectosdegradomercadeo@correo.uts.edu.co.<\/strong><\/span><\/p>\n<p><strong><b>Coordinaci\u00f3n Tecnolog\u00eda en Gesti\u00f3n Tur\u00edstica y Hotelera<\/b>:<\/strong><span style=\"color: #339966;\"><strong> <span data-olk-copy-source=\"MessageBody\">virtualproyectosgradoturismo@correo.uts.edu.co<\/span><\/strong><\/span><\/div><\/li><\/ul><\/div><\/div><\/div><\/div><\/div><\/div><\/div><div class=\"vc_tta-panel\" id=\"1664313749810-76f3123b-515d\" data-vc-content=\".vc_tta-panel-body\"><div class=\"vc_tta-panel-heading\"><h4 class=\"vc_tta-panel-title\"><a href=\"#1664313749810-76f3123b-515d\" data-vc-accordion data-vc-container=\".vc_tta-container\"><i class=\"vc_tta-icon fas fa-graduation-cap\"><\/i><span class=\"vc_tta-title-text\">Procedimiento de Grado<\/span><\/a><\/h4><\/div><div class=\"vc_tta-panel-body\"><div class=\"vc_row wpb_row vc_inner vc_row-fluid\"><div class=\"wpb_column vc_column_container vc_col-sm-12\"><div class=\"vc_column-inner\"><div class=\"wpb_wrapper\">\n\t<div class=\"wpb_text_column wpb_content_element\" >\n\t\t<div class=\"wpb_wrapper\">\n\t\t\t<p>Despu\u00e9s de cumplir los requisitos acad\u00e9micos exigidos por la UTS, el egresado pr\u00f3ximo a graduarse, deber\u00e1 realizar los tr\u00e1mites para obtener la firma de Coordinaci\u00f3n respectiva de su programa virtual al correo: <span style=\"color: #008000;\"><strong>documentosdegrado@correo.uts.edu.co.<\/strong><\/span><\/p>\n<ul>\n<li>Para el porgrama de Empresas al correo: <a href=\"mailto:documentosgradoadmonempresasvirtual@correo.uts.edu.co\">documentosgradoadmonempresasvirtual@correo.uts.edu.co<\/a><\/li>\n<\/ul>\n<p>&nbsp;<\/p>\n<p><strong>Paso para preinscripci\u00f3n:<\/strong><\/p>\n<ul>\n<li>URL o link del<span style=\"color: #008000;\">\u00a0<\/span><a href=\"http:\/\/repositorio.uts.edu.co:8080\/xmlui\/\" target=\"_blank\" rel=\"noopener\"><strong><span style=\"color: #008000;\">repositorio institucional<\/span> <\/strong><\/a>en donde se encuentra subido y aprobado su trabajo de grado, el cual es suministrado por su director de trabajo de grado o lo puede consultar usted directamente con su nombre completo o t\u00edtulo del trabajo de grado.<strong> (La URL de repositorio institucional debe estar diligenciada en los Formato F-DC-130 y F-AM-04).<\/strong><\/li>\n<li>Captura de pantalla de la encuesta de egresados UTS realizada en<span style=\"color: #008000;\"> <a style=\"color: #008000;\" href=\"http:\/\/graduados.uts.edu.co\/encuesta\" target=\"_blank\" rel=\"noopener\"><strong>http:\/\/graduados.uts.edu.co\/encuesta<\/strong><\/a><\/span><\/li>\n<li>Captura de pantalla de la encuesta de graduados momento cero la cual la realiza en el siguiente link:\u00a0<span style=\"color: #008000;\"><a style=\"color: #008000;\" href=\"https:\/\/encuestasole.mineducacion.gov.co\/hecaa-encuestas\/index.jsf\" target=\"_blank\" rel=\"noopener\"><strong>https:\/\/encuestasole.mineducacion.gov.co\/hecaa-encuestas\/index.jsf<\/strong><\/a><\/span><\/li>\n<li>Captura de pantalla del registro de tu hoja de vida en la bolsa de empleo.<span style=\"color: #008000;\"><a style=\"color: #008000;\" href=\"https:\/\/www.elempleo.com\/co\/sitio-empresarial\/unidades-tecnologicas-santander\" target=\"_blank\" rel=\"noopener\"><strong>https:\/\/www.elempleo.com\/co\/sitio-empresarial\/unidades-tecnologicas-santander<\/strong><\/a><\/span><\/li>\n<li>Si tienen dificultad para el registro de la hoja de vida escribir un correo con nombre y c\u00e9dula sin puntos ni comas a\u00a0<span style=\"color: #008000;\"><a style=\"color: #008000;\" href=\"mailto:bolsadeempleo@correo.uts.edu.co\" target=\"_blank\" rel=\"noopener\"><strong>bolsadeempleo@correo.uts.edu.co<\/strong><\/a><strong>.<\/strong><\/span><\/li>\n<\/ul>\n<p><span style=\"color: #008000;\"><span style=\"color: #000000;\">Revisar el siguiente v\u00eddeo para conocer mejor el proceso.<\/span> <strong><a style=\"color: #008000;\" href=\"https:\/\/youtu.be\/PmIiDKZsVxA\" target=\"_blank\" rel=\"noopener\">Ingrese al V\u00eddeo<\/a><\/strong><\/span><\/p>\n\n\t\t<\/div>\n\t<\/div>\n<div class=\"cq-accordion \" style=\"width:;\" data-displayfirst=\"\"><ul><li><input type=\"checkbox\" checked><i class=\"green\"><\/i><h4 style=\"color:#138c47;font-size:;padding:;\">Orden de entrega documentos de grado<\/h4><div class=\"accordion-content\" style=\"background-color:#ffffff;color:#000000;font-size:;\">Todos los documentos tama\u00f1o carta, debe enviarlos <strong>completos y legibles<\/strong> al correo institucional <span style=\"color: #339966;\"><b style=\"color: #339966;\">documentosdegrado@correo.uts.edu.co:<\/b><\/span><\/p>\n<p>Para el porgrama de Empresas al correo: <a href=\"mailto:documentosgradoadmonempresasvirtual@correo.uts.edu.co\">documentosgradoadmonempresasvirtual@correo.uts.edu.co<\/a><\/p>\n<p><strong>Debe enviar en un solo PDF en el orden descrito a continuaci\u00f3n:<\/strong><\/p>\n<ol>\n<li><strong>C\u00e9dula escaneada<\/strong> a color ampliada al 150.<\/li>\n<li>Estampilla de la casa del libro por concepto de <strong>diploma y acta de grado<\/strong> con vigencia del a\u00f1o en que se entregan los documentos.<\/li>\n<li>Formato F-AM-04 Solicitud Grado V17. <strong><a href=\"https:\/\/www.dropbox.com\/scl\/fo\/pudgcaq639agy7t06ahjs\/AN084HnuyHffgYL5i--v_Ks\/DOCUMENTOS%20DE%20GRADO?dl=0&amp;rlkey=6s0b9ajweteyx2ang7ywvk6xm&amp;subfolder_nav_tracking=1\" target=\"_blank\" rel=\"noopener\"><span style=\"color: #008000;\">(Descargar la ultima versi\u00f3n)<\/span><\/a>.<\/strong><\/li>\n<li>Formato F-DC-130.<strong> (En el t\u00edtulo debe escribir el nombre del proyecto de grado como aparece en el repositorio y la URL de repositorio institucional debe estar diligenciada en el Formato). <a href=\"https:\/\/www.dropbox.com\/scl\/fo\/pudgcaq639agy7t06ahjs\/AN084HnuyHffgYL5i--v_Ks\/DOCUMENTOS%20DE%20GRADO?dl=0&amp;rlkey=6s0b9ajweteyx2ang7ywvk6xm&amp;subfolder_nav_tracking=1\" target=\"_blank\" rel=\"noopener\"><span style=\"color: #008000;\">(Descargar la ultima versi\u00f3n)<\/span><\/a>.<\/strong><\/li>\n<li>Liquidaci\u00f3n generada desde la p\u00e1gina de la universidad del <strong>pago de los derechos de grado debidamente cancelado<\/strong> y con sello de registros de la entidad bancaria. <span style=\"color: #339966;\"><strong>(El pago debe ser generado en el a\u00f1o y de fecha de graduaci\u00f3n de lo contrario se debe realizar el ajuste del valor con financiera).<\/strong><\/span><\/li>\n<li>Resultado y aprobaci\u00f3n Pruebas Saber-Pro (universitario) o Saber T Y T (Tecnolog\u00eda)<strong>.<\/strong><\/li>\n<li>Certificado de idiomas actualizado con del a\u00f1o actual. (Se requiere cuando no aparece la materia en el sem\u00e1foro de notas y en ese caso debe solicitarlo a la Coordinaci\u00f3n de Idiomas UTS <span style=\"color: #008000;\"><strong>idiomas@correo.uts.edu.co<\/strong><\/span>).<\/li>\n<\/ol>\n<p><\/div><\/li><li><input type=\"checkbox\" checked><i class=\"green\"><\/i><h4 style=\"color:#138c47;font-size:;padding:;\">Documentos relacionados con proyecto de grado<\/h4><div class=\"accordion-content\" style=\"background-color:#ffffff;color:#000000;font-size:;\"> <a href=\"https:\/\/www.dropbox.com\/scl\/fo\/pudgcaq639agy7t06ahjs\/AN084HnuyHffgYL5i--v_Ks\/DOCUMENTOS%20DE%20GRADO?rlkey=6s0b9ajweteyx2ang7ywvk6xm&amp;e=1&amp;subfolder_nav_tracking=1&amp;dl=0\" target=\"_blank\" rel=\"noopener\"><strong><span style=\"color: #008000;\">Ingrese aqu\u00ed para descargar<\/span><\/strong><\/a> los formatos relacionados con documentaci\u00f3n de grado ubicando la <strong>carpeta Documentos de grado.\u00a0<\/strong><\/div><\/li><li><input type=\"checkbox\" checked><i class=\"green\"><\/i><h4 style=\"color:#138c47;font-size:;padding:;\">Actas comit\u00e9 trabajos de grado<\/h4><div class=\"accordion-content\" style=\"background-color:#ffffff;color:#000000;font-size:;\"><a href=\"https:\/\/unidadestecno-my.sharepoint.com\/:f:\/g\/personal\/evirtual_correo_uts_edu_co\/EkIgi_41n-JLqHW0ex-uIUcBvIP8Zf-RhRUwXYyElJ26Og?e=nXEdbv\" target=\"_blank\" rel=\"noopener\">Administraci\u00f3n de empresas &#8211; Modalidad Virtual<\/a><br \/>\n<a href=\"https:\/\/unidadestecno-my.sharepoint.com\/:f:\/g\/personal\/evirtual_correo_uts_edu_co\/EmEZKAWt7gpFtVkfkhpiiAgBYC2aJVckJd24d17Gi6ckEQ?e=2CWOpA\" target=\"_blank\" rel=\"noopener\">Contadur\u00eda p\u00fablica &#8211; Modalidad Virtual<\/a><br \/>\n<a href=\"https:\/\/unidadestecno-my.sharepoint.com\/:f:\/g\/personal\/evirtual_correo_uts_edu_co\/ElLfE6Qa8H9LoyZJM56Yn0wBImi1H_Y8Tx1Zy0GNyqb8yg?e=fkTw90\" target=\"_blank\" rel=\"noopener\">Mercadeo &#8211; Modalidad Virtual<\/a><\/div><\/li><\/ul><\/div><div class=\"vc_separator wpb_content_element vc_separator_align_center vc_sep_width_100 vc_sep_pos_align_center vc_separator_no_text vc_sep_color_green wpb_content_element  wpb_content_element\" ><span class=\"vc_sep_holder vc_sep_holder_l\"><span class=\"vc_sep_line\"><\/span><\/span><span class=\"vc_sep_holder vc_sep_holder_r\"><span class=\"vc_sep_line\"><\/span><\/span>\n<\/div><div class=\"vc_message_box vc_message_box-standard vc_message_box-rounded vc_color-green vc_do_message\" ><div class=\"vc_message_box-icon\"><i class=\"fa fa-solid fa-circle-info\"><\/i><\/div><p style=\"text-align: justify;\"><span style=\"color: #008000;\"><strong>Recuerde que debe cumplir los siguientes requisitos para grado:<\/strong><\/span><\/p>\n<ol>\n<li>Haber cursado y aprobado todos los m\u00f3dulos y espacios acad\u00e9micos acreditables correspondientes al plan de estudio del programa respectivo. El cumplimiento de este requisito debe ser avalado por el coordinador del programa, despu\u00e9s de efectuado el cierre del sistema acad\u00e9mico del correspondiente periodo acad\u00e9mico.<\/li>\n<li>Registro de la valoraci\u00f3n del trabajo de grado, para los estudiantes que cursan planes de estudios aprobados por el MEN antes de entrar en aplicaci\u00f3n el decreto 1330 de julio 25 de 2019.<\/li>\n<li>Certificado de cumplimiento y aprobaci\u00f3n de los niveles de ingl\u00e9s. Si el estudiante curs\u00f3 y aprob\u00f3 los cursos de ingl\u00e9s a trav\u00e9s del desarrollo de su plan de estudios, se exonera de este certificado.<\/li>\n<li>Estar a paz y salvo en las Unidades Tecnol\u00f3gicas de Santander por todo concepto.<\/li>\n<\/ol>\n<\/div><\/div><\/div><\/div><\/div><\/div><\/div><div class=\"vc_tta-panel\" id=\"1663006189976-2e01ed4f-f2a0\" data-vc-content=\".vc_tta-panel-body\"><div class=\"vc_tta-panel-heading\"><h4 class=\"vc_tta-panel-title\"><a href=\"#1663006189976-2e01ed4f-f2a0\" data-vc-accordion data-vc-container=\".vc_tta-container\"><i class=\"vc_tta-icon fas fa-university\"><\/i><span class=\"vc_tta-title-text\">Procesos acad\u00e9micos<\/span><\/a><\/h4><\/div><div class=\"vc_tta-panel-body\"><div class=\"vc_row wpb_row vc_inner vc_row-fluid\"><div class=\"wpb_column vc_column_container vc_col-sm-3\"><div class=\"vc_column-inner\"><div class=\"wpb_wrapper\"><div class=\"vc_message_box vc_message_box-standard vc_message_box-rounded vc_color-info vc_do_message\" ><div class=\"vc_message_box-icon\"><i class=\"fa fa-solid fa-circle-info\"><\/i><\/div><p style=\"text-align: justify;\">Ingrese a cada espacio digital para conocer m\u00e1s informaci\u00f3n.<\/p>\n<\/div><\/div><\/div><\/div><div class=\"wpb_column vc_column_container vc_col-sm-9\"><div class=\"vc_column-inner\"><div class=\"wpb_wrapper\"><div class=\"cq-accordion \" style=\"width:;\" data-displayfirst=\"\"><ul><li><input type=\"checkbox\" checked><i class=\"green\"><\/i><h4 style=\"color:#1c8415;font-size:;padding:;\">Readmisiones<\/h4><div class=\"accordion-content\" style=\"background-color:#ffffff;color:#000000;font-size:;\">Podr\u00e1 solicitar readmisi\u00f3n el estudiante que se encuentre con la situaci\u00f3n acad\u00e9mica\u00a0<strong>EXCLUIDO NO RENOVACION DE MATRICULA o EXCLUIDO CANCELACION DE SEMESTRE<\/strong><br \/>\n<strong>Procedimiento:<\/strong><\/p>\n<ol>\n<li>Diligencie la solicitud de READMISI\u00d3N en l\u00ednea por el portal acad\u00e9mico <span style=\"color: #008000;\"><a style=\"color: #008000;\" href=\"http:\/\/academusoft.uts.edu.co\/uts\/academusoft\/academico\/inscripcion\/ins_control_acceso.jsp?proceso=4&amp;tipo=1o=1\" target=\"_blank\" rel=\"noopener\"><strong>Aqu\u00ed.<\/strong><\/a><\/span><\/li>\n<li>Diligencie el formato <strong>F-DC-39 en PDF Modificaci\u00f3n Matricula Acad\u00e9mica.\u00a0<\/strong><span style=\"color: #008000;\"><a style=\"color: #008000;\" href=\"https:\/\/www.utsvirtual.edu.co\/sitio\/wp-content\/uploads\/2025\/07\/F-DC-39-Modificacion-matricula-academica-V12..doc\" target=\"_blank\" rel=\"noopener\"><strong>(Descargar aqu\u00ed)<\/strong><\/a> <\/span>y enviar la documentaci\u00f3n a los siguientes correos seg\u00fan corresponda.<\/li>\n<\/ol>\n<p><strong>Correo Administraci\u00f3n de Empresas:<a title=\"mailto:virtualadmonempresas@correo.uts.edu.co\" href=\"mailto:virtualadmonempresas@correo.uts.edu.co\"><span style=\"color: #339966;\"> virtualadmonempresas@correo.uts.edu.co<\/span><\/a><\/strong><\/p>\n<p><strong>Correo Contadur\u00eda P\u00fablica:<\/strong><a title=\"mailto:virtualcontaduriapublica@correo.uts.edu.co\" href=\"mailto:virtualcontaduriapublica@correo.uts.edu.co\"><span style=\"color: #339966;\"><strong> virtualcontaduriapublica@correo.uts.edu.co<\/strong><\/span><\/a><\/p>\n<p><strong>Correo Mercadeo:<\/strong><a title=\"mailto:virtualmercadeo@correo.uts.edu.co\" href=\"mailto:virtualmercadeo@correo.uts.edu.co\"><span style=\"color: #339966;\"><strong> virtualmercadeo@correo.uts.edu.co<\/strong><\/span><\/a><\/p>\n<p><strong><b>Coordinaci\u00f3n Tecnolog\u00eda en Gesti\u00f3n Tur\u00edstica y Hotelera<\/b>:<\/strong><a title=\"mailto:virtualturismo@correo.uts.edu.co\" href=\"mailto:virtualturismo@correo.uts.edu.co\"><span style=\"color: #339966;\"><strong> <span data-olk-copy-source=\"MessageBody\">virtualturismo@correo.uts.edu.co<\/span><\/strong><\/span><\/a><\/p>\n<h3><\/h3>\n<p style=\"text-align: justify;\">Una vez haya enviado los documentos para el proceso de Readmisi\u00f3n, debe esperar la\u00a0<strong>respuesta de la coordinaci\u00f3n de virtualidad.<\/strong>\u00a0 Posteriormente si la Readmisi\u00f3n es aceptada puede descargar la liquidaci\u00f3n del pago de la matr\u00edcula en las fechas establecidas en el calendario acad\u00e9mico, digitando su n\u00famero del documento de identidad con el cual se inscribi\u00f3. Puede pagar los derechos de matr\u00edcula en los bancos asignados en el siguiente acceso: <span style=\"color: #008000;\"><a style=\"color: #008000;\" href=\"https:\/\/gdeco.uts.edu.co\/cupones\/\" target=\"_blank\" rel=\"noopener\"><strong>Descargar Liquidaci\u00f3n.<\/strong><\/a><\/span><\/p>\n<p><strong>48 Horas despu\u00e9s debe ingresar a realizar su matricula en su portal Acad\u00e9mico de Academusoft.\u00a0<\/strong><\/div><\/li><li><input type=\"checkbox\" checked><i class=\"green\"><\/i><h4 style=\"color:#1c8415;font-size:;padding:;\">Certificados<\/h4><div class=\"accordion-content\" style=\"background-color:#ffffff;color:#000000;font-size:;\">Para solicitar un certificado necesitas pagar el valor pecuniario correspondiente y adquirir una estampilla (<strong>por todos los certificados que solicite, no una por cada uno<\/strong>)\u00a0que est\u00e1n normadas para el departamento de Santander. <strong><span style=\"color: #008000;\"><a style=\"color: #008000;\" href=\"https:\/\/www.uts.edu.co\/sitio\/certificados\/\" target=\"_blank\" rel=\"noopener\">https:\/\/www.uts.edu.co\/sitio\/certificados<\/a><\/span><\/strong><\/p>\n<ul>\n<li>Descarga el recibo de pago del certificado,\u00a0<a href=\"http:\/\/gdeco.uts.edu.co\/pagosuts\/info.php\"><strong>Aqu\u00ed<\/strong><\/a><strong>,\u00a0<\/strong>y p\u00e1galo en la entidad bancaria.<\/li>\n<li>Adquiere la estampilla del departamento de Santander en:<\/li>\n<li><span style=\"color: #003366;\"><strong>Pago PSE:<\/strong><\/span> <strong><span style=\"color: #008000;\"><a style=\"color: #008000;\" href=\"https:\/\/estampillas.syc.com.co\/\" target=\"_blank\" rel=\"noopener\">https:\/\/estampillas.syc.com.co<\/a><\/span><\/strong><\/li>\n<li><span style=\"color: #003366;\"><strong>Bucaramanga<\/strong>: <\/span>Calle 35 No. 9-85. <strong>Casa del Libro Total.<\/strong><\/li>\n<li>Enviar los documentos (pago, estampillas, documento de identidad) al correo <span style=\"color: #339966;\"><strong><span style=\"color: #008000;\">certificaciones@correo.uts.edu.co<\/span>,<\/strong><\/span> asunto <strong>certificado<\/strong>.<\/li>\n<\/ul>\n<p><\/div><\/li><li><input type=\"checkbox\" checked><i class=\"green\"><\/i><h4 style=\"color:#1c8415;font-size:;padding:;\">Cancelaci\u00f3n de m\u00f3dulos<\/h4><div class=\"accordion-content\" style=\"background-color:#ffffff;color:#000000;font-size:;\"><\/p>\n<p style=\"text-align: justify;\">Los estudiantes tienen derecho a cancelar uno o m\u00e1s m\u00f3dulos o espacios acad\u00e9micos acreditables del trimestre desde la segunda semana de inicio de actividades hasta la semana nueve (9) para la modalidad virtual.<br \/>\nEstas cancelaciones se permiten siempre y cuando cumplan los requisitos y condiciones expresados en el reglamento estudiantil.<br \/>\nLa cancelaci\u00f3n de los m\u00f3dulos o espacios acad\u00e9micos acreditables <strong>la har\u00e1 el estudiante<\/strong> a trav\u00e9s del sistema acad\u00e9mico institucional, <span style=\"color: #008000;\"><strong>en las fechas establecidas en el calendario acad\u00e9mico.<\/strong><\/span><\/p>\n<p><\/div><\/li><li><input type=\"checkbox\" checked><i class=\"green\"><\/i><h4 style=\"color:#1c8415;font-size:;padding:;\">Cancelaci\u00f3n de matr\u00edcula o semestre<\/h4><div class=\"accordion-content\" style=\"background-color:#ffffff;color:#000000;font-size:;\">Los estudiantes tienen derecho a cancelar semestre hasta la pen\u00faltima semana de clases del periodo acad\u00e9mico. La cancelaci\u00f3n de matr\u00edcula debe ser solicitada por el estudiante a la coordinaci\u00f3n virtual a trav\u00e9s del formato institucional, <span style=\"color: #008000;\"><strong>en las fechas establecidas en el calendario acad\u00e9mico.<\/strong><\/span><\/p>\n<p><span style=\"color: #008000;\"><strong>Procedimiento:<\/strong><\/span><\/p>\n<ol>\n<li>Diligenciar el formato <strong>F-DC-39<\/strong> en PDF Modificaci\u00f3n Matricula Acad\u00e9mica.<strong><span style=\"color: #008000;\"><a style=\"color: #008000;\" href=\"https:\/\/acortar.link\/oUZjU3\" target=\"_blank\" rel=\"noopener\">(Descargar aqu\u00ed)<\/a>.<\/span><\/strong> Solicitando <strong>CANCELACI\u00d3N DE SEMESTRE.<\/strong><\/li>\n<li>Enviar desde el correo institucional del estudiante al correo de la coordinaci\u00f3n de virtualidad correspondiente<\/li>\n<\/ol>\n<p><strong>Correo Administraci\u00f3n de Empresas:<a title=\"mailto:virtualadmonempresas@correo.uts.edu.co\" href=\"mailto:virtualadmonempresas@correo.uts.edu.co\"><span style=\"color: #339966;\"> virtualadmonempresas@correo.uts.edu.co<\/span><\/a><\/strong><\/p>\n<p><strong>Correo Contadur\u00eda P\u00fablica:<\/strong><a title=\"mailto:virtualcontaduriapublica@correo.uts.edu.co\" href=\"mailto:virtualcontaduriapublica@correo.uts.edu.co\"><span style=\"color: #339966;\"><strong> virtualcontaduriapublica@correo.uts.edu.co<\/strong><\/span><\/a><\/p>\n<p><strong>Correo Mercadeo:<\/strong><a title=\"mailto:virtualmercadeo@correo.uts.edu.co\" href=\"mailto:virtualmercadeo@correo.uts.edu.co\"><span style=\"color: #339966;\"><strong> virtualmercadeo@correo.uts.edu.co<\/strong><\/span><\/a><\/p>\n<p><strong><b>Coordinaci\u00f3n Tecnolog\u00eda en Gesti\u00f3n Tur\u00edstica y Hotelera<\/b>:<\/strong><a title=\"mailto:virtualturismo@correo.uts.edu.co\" href=\"mailto:virtualturismo@correo.uts.edu.co\"><span style=\"color: #339966;\"><strong> <span data-olk-copy-source=\"MessageBody\">virtualturismo@correo.uts.edu.co<\/span><\/strong><\/span><\/a><\/div><\/li><li><input type=\"checkbox\" checked><i class=\"green\"><\/i><h4 style=\"color:#1c8415;font-size:;padding:;\">Habilitaciones<\/h4><div class=\"accordion-content\" style=\"background-color:#ffffff;color:#000000;font-size:;\">Las habilitaciones de los M\u00f3dulos virtuales tendr\u00e1n las siguientes especificaciones<\/p>\n<ol>\n<li style=\"text-align: left;\">Para que un M\u00f3dulo sea habilitable debe tener una nota definitiva de <strong>2.0 como m\u00ednimo.<\/strong><\/li>\n<li style=\"text-align: left;\">Las fechas establecidas en <strong>el calendario acad\u00e9mico<\/strong> para realizar pagos y carga de recibos en plataforma ser\u00e1n publicadas en la p\u00e1gina institucional de virtualidad y enviados su correo electr\u00f3nico institucional.<\/li>\n<li style=\"text-align: left;\">Las fechas establecidas en <strong>el calendario acad\u00e9mico<\/strong> para presentaci\u00f3n de habilitaciones ser\u00e1n publicadas en la p\u00e1gina institucional de virtualidad y enviadas a su correo electr\u00f3nico institucional.<\/li>\n<li style=\"text-align: left;\">Una vez tenga el recibo de pago cancelado (Este debe coincidir con la referencia de liquidaci\u00f3n obtenida en <strong>Descargar otros Pagos<\/strong>, debe adjuntar los 2 documentos originales y legibles en un solo documento PDF), y posteriormente debe adjuntarlo en la plataforma Moodle. (Cada m\u00f3dulo tendr\u00e1 habilitada en la Unidad de Consolidaci\u00f3n, un espacio para la carga de dichos documentos, este espacio solo estar\u00e1 habilitado en las fechas estipuladas)<\/li>\n<li style=\"text-align: left;\">Si realiz\u00f3 el pago de la habilitaci\u00f3n, cargo el documento original (No fotocopia) con el sello de cancelado y cumple con los requisitos, usted recibir\u00e1 un correo con las indicaciones para ingresar a su aula de habilitaciones, <strong>en la fecha estipulada en la calendario acad\u00e9mico.\u00a0<\/strong><\/li>\n<li style=\"text-align: left;\">Los pagos de las habilitaciones deben realizarse a trav\u00e9s del siguiente link:<span style=\"color: #008000;\">\u00a0<\/span><a href=\"https:\/\/www.uts.edu.co\/sitio\/portal-academico\/\" target=\"_blank\" rel=\"noopener\"><span style=\"color: #008000;\">http:\/\/portal.uts.edu.co\/<\/span><\/a>\u00a0en el acceso;\u00a0<strong>Descargar otros Pagos.<\/strong><\/li>\n<li style=\"text-align: left;\">Los m\u00f3dulos de<strong>\u00a0primer trimestre ser\u00e1n habilitados en las fechas estipuladas\u00a0<\/strong>para adjuntar pagos \u00fanicamente, esto le permitir\u00e1 cargar el recibo en el enlace correspondiente y recibir\u00e1 un correo electr\u00f3nico con la informaci\u00f3n para iniciar su habilitaci\u00f3n en las fechas asignadas para la presentaci\u00f3n de las mismas.<\/li>\n<\/ol>\n<p><span style=\"color: #000080;\"><b>Requisitos M\u00ednimos para presentaci\u00f3n de ex\u00e1menes o habilitaciones\u00a0\u00a0<\/b><\/span><\/p>\n<ul class=\"list divider-full-bleed list2\">\n<li class=\"tile\">Para presentar ex\u00e1menes en plataforma, incluyendo habilitaciones es necesario que el estudiante cuente con una c\u00e1mara y micr\u00f3fono en su dispositivo, esto es necesario para validar su identidad y tener un espacio de trabajo con las parametrizaciones que el examen solicitar\u00e1.<\/li>\n<\/ul>\n<p><\/div><\/li><li><input type=\"checkbox\" checked><i class=\"green\"><\/i><h4 style=\"color:#1c8415;font-size:;padding:;\">Horarios<\/h4><div class=\"accordion-content\" style=\"background-color:#ffffff;color:#000000;font-size:;\"><\/p>\n<ul>\n<li style=\"text-align: left;\">En los programas acad\u00e9micos en modalidad virtual, no manejamos horarios, los encuentros sincr\u00f3nicos son llevados a cabo por sus docentes en unos tiempos establecidos al iniciar cada asignatura, y quedan grabados en caso de no poder asistir.<br \/>\nLas asignaturas puede verlas en su plan de estudios ubicado en la p\u00e1gina institucional de virtualidad: \u00a0<span style=\"color: #008000;\"><strong><a style=\"color: #008000;\" href=\"https:\/\/www.utsvirtual.edu.co\/sitio\/programas\" target=\"_blank\" rel=\"noopener\">https:\/\/www.utsvirtual.edu.co\/sitio\/programas.<\/a><\/strong><\/span><br \/>\nTodos los estudiantes recibir\u00e1n su correo de bienvenida una vez finalicen las matr\u00edculas, como est\u00e1 establecido en el calendario acad\u00e9mico, este tambi\u00e9n lo puede revisar en la p\u00e1gina de virtualidad.<\/li>\n<\/ul>\n<p><\/div><\/li><li><input type=\"checkbox\" checked><i class=\"green\"><\/i><h4 style=\"color:#1c8415;font-size:;padding:;\">Reuniones Sincr\u00f3nicas<\/h4><div class=\"accordion-content\" style=\"background-color:#ffffff;color:#000000;font-size:;\"><\/p>\n<p style=\"text-align: justify;\">Los encuentros sincr\u00f3nicos para modalidad virtual son realizados en nuestra herramienta Microsoft Teams, esta le permite conectarse con su correo institucional y acceder a todos los servicios del aplicativo.<br \/>\nEn cada unidad de trabajo, su docente tutor le acompa\u00f1ar\u00e1 en estos encuentros sincr\u00f3nicos para solventar dudas o inquietudes,\u00a0 <strong>recuerde que de no poder asistir<\/strong> siempre estar\u00e1n <strong>grabados en su plataforma virtual.\u00a0<\/strong><\/p>\n<p><\/div><\/li><\/ul><\/div><\/div><\/div><\/div><\/div><\/div><\/div><div class=\"vc_tta-panel\" id=\"1663006233933-a6230ebe-f1c7\" data-vc-content=\".vc_tta-panel-body\"><div class=\"vc_tta-panel-heading\"><h4 class=\"vc_tta-panel-title\"><a href=\"#1663006233933-a6230ebe-f1c7\" data-vc-accordion data-vc-container=\".vc_tta-container\"><i class=\"vc_tta-icon fas fa-book-reader\"><\/i><span class=\"vc_tta-title-text\">Normativa<\/span><\/a><\/h4><\/div><div class=\"vc_tta-panel-body\"><div class=\"vc_row wpb_row vc_inner vc_row-fluid\"><div class=\"wpb_column vc_column_container vc_col-sm-3\"><div class=\"vc_column-inner\"><div class=\"wpb_wrapper\"><div class=\"vc_message_box vc_message_box-standard vc_message_box-rounded vc_color-alert-info vc_do_message\" ><div class=\"vc_message_box-icon\"><i class=\"fa fa-solid fa-circle-info\"><\/i><\/div><p style=\"text-align: justify;\">Conozca todas la normativa institucional accediendo a <span style=\"color: #008000;\"><strong><a style=\"color: #008000;\" href=\"https:\/\/www.uts.edu.co\/sitio\/normatividad\/\" target=\"_blank\" rel=\"noopener\">Normatividad\u00a0<\/a><\/strong><\/span><\/p>\n<\/div><\/div><\/div><\/div><div class=\"wpb_column vc_column_container vc_col-sm-9\"><div class=\"vc_column-inner\"><div class=\"wpb_wrapper\">\n\t<div class=\"wpb_text_column wpb_content_element\" >\n\t\t<div class=\"wpb_wrapper\">\n\t\t\t<p> <a href=\"https:\/\/www.uts.edu.co\/sitio\/wp-content\/uploads\/2019\/10\/REGLAMENTO_ESTUDIANTIL_ENERO_2022.pdf\" target=\"_blank\" rel=\"noopener\">Reglamento Estudiantil de las Unidades Tecnol\u00f3gicas de Santander<\/a><\/p>\n<p><a href=\"https:\/\/www.uts.edu.co\/sitio\/wp-content\/uploads\/normatividad\/resoluciones\/res-289.pdf?_t=1665235295\" target=\"_blank\" rel=\"noopener\">Derechos pecuniarios\u00a0<\/a><\/p>\n<p><a href=\"https:\/\/www.uts.edu.co\/sitio\/wp-content\/uploads\/normatividad\/acuerdos\/acu-73.pdf?_t=1629462746\" target=\"_blank\" rel=\"noopener\">Reglamento de Trabajo de Grado de las Unidades Tecnol\u00f3gicas de Santander<\/a><\/p>\n<p><a href=\"https:\/\/www.uts.edu.co\/sitio\/wp-content\/uploads\/normatividad\/regla_disc_est.pdf\" target=\"_blank\" rel=\"noopener\">Reglamento Disciplinario estudiantil<\/a><\/p>\n<p><a href=\"https:\/\/www.uts.edu.co\/sitio\/tramites-y-servicios\/\" target=\"_blank\" rel=\"noopener\">Tramites y Servicios<\/a><\/p>\n<p><a href=\"https:\/\/www.uts.edu.co\/sitio\/wp-content\/uploads\/normatividad\/estatuto_general.pdf\" target=\"_blank\" rel=\"noopener\">Estatuto General Institucional <\/a><\/p>\n\n\t\t<\/div>\n\t<\/div>\n<\/div><\/div><\/div><\/div><div class=\"vc_separator wpb_content_element vc_separator_align_center vc_sep_width_100 vc_sep_pos_align_center vc_separator_no_text vc_sep_color_grey wpb_content_element  wpb_content_element\" ><span class=\"vc_sep_holder vc_sep_holder_l\"><span class=\"vc_sep_line\"><\/span><\/span><span class=\"vc_sep_holder vc_sep_holder_r\"><span class=\"vc_sep_line\"><\/span><\/span>\n<\/div><div class=\"vc_row wpb_row vc_inner vc_row-fluid\"><div class=\"wpb_column vc_column_container vc_col-sm-3\"><div class=\"vc_column-inner\"><div class=\"wpb_wrapper\"><div class=\"vc_message_box vc_message_box-standard vc_message_box-rounded vc_color-vista_blue vc_do_message\" ><div class=\"vc_message_box-icon\"><i class=\"fa fa-solid fa-circle-info\"><\/i><\/div><p style=\"text-align: center;\">Portales de inter\u00e9s<\/p>\n<\/div><\/div><\/div><\/div><div class=\"wpb_column vc_column_container vc_col-sm-9\"><div class=\"vc_column-inner\"><div class=\"wpb_wrapper\">\n\t<div class=\"wpb_text_column wpb_content_element\" >\n\t\t<div class=\"wpb_wrapper\">\n\t\t\t<p><span style=\"color: #008000;\"><strong> <a style=\"color: #008000;\" href=\"https:\/\/tutorias.uts.edu.co\/\" target=\"_blank\" rel=\"noopener\">Agenda tu cita de tutor\u00eda y monitorias<\/a><\/strong><\/span><\/p>\n<p><span style=\"color: #008000;\"> <a style=\"color: #008000;\" href=\"https:\/\/www.uts.edu.co\/sitio\/interinstitucionales\" target=\"_blank\" rel=\"noopener\"><strong>Informaci\u00f3n Relaciones Interinstitucionales<\/strong><\/a><\/span><\/p>\n<p><span style=\"color: #008000;\"><strong> <a style=\"color: #008000;\" href=\"https:\/\/www.uts.edu.co\/sitio\/normatividad\/\" target=\"_blank\" rel=\"noopener\">Normatividad Institucional<\/a><\/strong><\/span><\/p>\n<p><span style=\"color: #008000;\"><strong> <a style=\"color: #008000;\" href=\"https:\/\/www.uts.edu.co\/sitio\/departamentos-academicos\/\" target=\"_blank\" rel=\"noopener\">Departamentos Acad\u00e9micos<\/a><br \/>\n<\/strong><\/span><\/p>\n<p><span style=\"color: #008000;\"><strong> <a style=\"color: #008000;\" href=\"http:\/\/desarrolloacademico.uts.edu.co\/\" target=\"_blank\" rel=\"noopener\">Acompa\u00f1amiento al Estudiante<\/a><\/strong><\/span><\/p>\n<p><span style=\"color: #008000;\"><strong> <a style=\"color: #008000;\" href=\"https:\/\/www.uts.edu.co\/sitio\/educacion-continua\/\" target=\"_blank\" rel=\"noopener\">Educaci\u00f3n Continua<\/a><\/strong><\/span><\/p>\n<p><span style=\"color: #008000;\"><strong> <a style=\"color: #008000;\" href=\"https:\/\/www.uts.edu.co\/sitio\/portal-academico\/\" target=\"_blank\" rel=\"noopener\">Portal Acad\u00e9mico<\/a><br \/>\n<\/strong><\/span><\/p>\n<p><span style=\"color: #008000;\"><strong> <a style=\"color: #008000;\" href=\"https:\/\/www.uts.edu.co\/sitio\/calendario-academico\/\" target=\"_blank\" rel=\"noopener\">Calendario Acad\u00e9mico<\/a><br \/>\n<\/strong><\/span><\/p>\n<p><span style=\"color: #008000;\"><strong> <a style=\"color: #008000;\" href=\"https:\/\/www.uts.edu.co\/sitio\/atencion-al-ciudadano\/\" target=\"_blank\" rel=\"noopener\">Atenci\u00f3n al Ciudadano<\/a><\/strong><\/span><\/p>\n\n\t\t<\/div>\n\t<\/div>\n<\/div><\/div><\/div><div class=\"wpb_column vc_column_container vc_col-sm-12\"><div class=\"vc_column-inner\"><div class=\"wpb_wrapper\"><\/div><\/div><\/div><\/div><\/div><\/div><div class=\"vc_tta-panel\" id=\"1663041131739-e731ad67-b024\" data-vc-content=\".vc_tta-panel-body\"><div class=\"vc_tta-panel-heading\"><h4 class=\"vc_tta-panel-title\"><a href=\"#1663041131739-e731ad67-b024\" data-vc-accordion data-vc-container=\".vc_tta-container\"><i class=\"vc_tta-icon fas fa-at\"><\/i><span class=\"vc_tta-title-text\">Correo institucional<\/span><\/a><\/h4><\/div><div class=\"vc_tta-panel-body\"><div class=\"cq-accordion \" style=\"width:;\" data-displayfirst=\"\"><ul><li><input type=\"checkbox\" checked><i class=\"\"><\/i><h4 style=\"color:#1e73be;font-size:;padding:;\">\u00bfC\u00f3mo ingresar al correo institucional?<\/h4><div class=\"accordion-content\" style=\"background-color:#ffffff;color:#2b2b2b;font-size:;\">Para ingresar al correo institucional debe <span style=\"color: #008000;\"><strong><a style=\"color: #008000;\" href=\"https:\/\/login.microsoftonline.com\/?whr=correo.uts.edu.co\" target=\"_blank\" rel=\"noopener\">ingresar aqu\u00ed.<\/a><\/strong><\/span><br \/>\nSi olvido la contrase\u00f1a <span style=\"color: #008000;\"><strong><a style=\"color: #008000;\" href=\"https:\/\/passwordreset.microsoftonline.com\/?ru=https%3a%2f%2flogin.microsoftonline.com%2fcommon%2freprocess%3fctx%3drQQIARAA42Kw0skoKSkottLXL8gvKknM0cvNTC7KL85PK8nPy8nMS9VLzs_Vyy9Kz0wBsYqEuARyflysKhKJcOjaWPOVze1SyixGweT8oqLUfL3SkmK91JRSoMJVjMqEjdW_wMj4gpHxFpOgf1G6Z0p4sVtqSmpRYklmft4FFoFXLDwGzFYcHFwCDBIMCgw_WBgXsQJtz3bZZmdWWOC28n6zNtcTe4ZTrPrphm6-memuGVlZZRZOaVHuiSluwZEeFfqueZEGVabh2aHl2mkFqeXuLh7ltuZWhhPYhCawMZ1iY_jAxtTBzjCLneEAJ-MBXoYffA-_df6-27jsrQcA0&amp;mkt=es-ES&amp;hosted=0&amp;device_platform=Windows+10\" target=\"_blank\" rel=\"noopener\">ingrese aqu\u00ed.<\/a><\/strong><\/span><\/div><\/li><li><input type=\"checkbox\" checked><i class=\"\"><\/i><h4 style=\"color:#1e73be;font-size:;padding:;\">&#x2709; \u00bfC\u00f3mo solicitar un correo institucional?<\/h4><div class=\"accordion-content\" style=\"background-color:#ffffff;color:#2b2b2b;font-size:;\"><strong>\u00bfQu\u00e9 requisitos debo tener para solicitar mi cuenta?<\/strong><br \/>\nEstar como estudiante activo y tener matr\u00edcula acad\u00e9mica.<br \/>\nPara solicitar el correo es indispensable conocer estos datos: usuario de Academusoft, tipo de documento, n\u00famero de identificaci\u00f3n y correo personal registrado en Academusoft. (en caso de que no te acuerdes del e-mail registrado puedes ingresar a cambiarlo desde tu portal).<br \/>\nEl tr\u00e1mite es 100% en l\u00ednea debe enviar un correo con los datos anteriores a la siguiente direcci\u00f3n electr\u00f3nica: <span style=\"color: #008000;\"><strong>soporteestudiante@correo.uts.edu.co.<\/strong><\/span><\/div><\/li><li><input type=\"checkbox\" checked><i class=\"\"><\/i><h4 style=\"color:#1e73be;font-size:;padding:;\">Beneficios del correo institucional<\/h4><div class=\"accordion-content\" style=\"background-color:#ffffff;color:#2b2b2b;font-size:;\">Versiones web de Word, PowerPoint, Excel, OneNote y Outlook.<br \/>\nCorreo electr\u00f3nico con buz\u00f3n de 50 GB.<br \/>\nAlmacenamiento de nube personal 1 TB (OneDrive).<br \/>\nVersi\u00f3n de escritorio de OneNote.<br \/>\nBlocs de notas de clase y para docentes.<br \/>\nCuestionarios de calificaci\u00f3n autom\u00e1tica con Forms.<br \/>\nNarraci\u00f3n digital con Sway.<br \/>\nPlanear programaciones y tareas diarias con Microsoft Teams.<br \/>\nVideoconferencias HD.<\/div><\/li><li><input type=\"checkbox\" checked><i class=\"\"><\/i><h4 style=\"color:#1e73be;font-size:;padding:;\">Centro de entrenamiento de Office 365<\/h4><div class=\"accordion-content\" style=\"background-color:#ffffff;color:#2b2b2b;font-size:;\">Para conocer el\u00a0Centro de aprendizaje de Office 365 acceda al siguiente link:<br \/>\n<span style=\"color: #008000;\"><strong><a style=\"color: #008000;\" href=\"https:\/\/support.microsoft.com\/es-es\/training\" target=\"_blank\" rel=\"noopener\">https:\/\/support.microsoft.com\/es-es\/training<\/a><\/strong><\/span><\/div><\/li><li><input type=\"checkbox\" checked><i class=\"\"><\/i><h4 style=\"color:#1e73be;font-size:;padding:;\">&#x270d; \u00bfC\u00f3mo enviar un correo electr\u00f3nico o una solicitud asertivamente?<\/h4><div class=\"accordion-content\" style=\"background-color:#ffffff;color:#2b2b2b;font-size:;\">Para una solicitud de alg\u00fan servicio es importante escribir los siguientes datos:<br \/>\n<strong>Nombre Completo:<\/strong><br \/>\n<strong>Numero de documento de identidad:<\/strong><br \/>\n<strong>Programa Acad\u00e9mico Virtual:<\/strong><br \/>\n<strong>Nombre de servicio a restaurar:<\/strong><br \/>\n<strong>Usuario del servicio a restaurar<\/strong>:<\/p>\n<ul>\n<li>Para las solicitudes y con el \u00e1nimo de validar su informaci\u00f3n como usuario, debe realizar la <span style=\"color: #008000;\"><strong>solicitud desde su correo institucional<\/strong> <\/span>(Si no tiene acceso al correo institucional debe adjuntar <strong>documento de identidad Escaneado no Fotocopia<\/strong> desde su correo personal).<\/li>\n<li>Adicional a esta es importante siempre escribir la s<strong>olicitud o duda en el cuerpo del mensaje<\/strong>, y no en el asunto del correo para que sea legible.<\/li>\n<li>Y en caso de solicitar un porte, le invitamos en lo posible <strong>adjuntar una captura de pantalla del problema presentado<\/strong>, para poder ayudarle de manera mas r\u00e1pida y eficiente.<\/li>\n<\/ul>\n<p><\/div><\/li><\/ul><\/div><\/div><\/div><div class=\"vc_tta-panel\" id=\"1663006521651-3e62cdf2-8baf\" data-vc-content=\".vc_tta-panel-body\"><div class=\"vc_tta-panel-heading\"><h4 class=\"vc_tta-panel-title\"><a href=\"#1663006521651-3e62cdf2-8baf\" data-vc-accordion data-vc-container=\".vc_tta-container\"><i class=\"vc_tta-icon fas fa-headset\"><\/i><span class=\"vc_tta-title-text\">Soporte<\/span><\/a><\/h4><\/div><div class=\"vc_tta-panel-body\"><div class=\"cq-accordion \" style=\"width:;\" data-displayfirst=\"\"><ul><li><input type=\"checkbox\" checked><i class=\"green\"><\/i><h4 style=\"color:#09874c;font-size:;padding:;\">Usuario Academusoft<\/h4><div class=\"accordion-content\" style=\"background-color:;color:#000000;font-size:;\">Para Consultar su usuario Academusoft puede<span style=\"color: #008000;\"><strong><a style=\"color: #008000;\" href=\"http:\/\/portal.uts.edu.co\/uts\/hermesoft\/vortal\/general\/paswords\/apl_gen.jsp\" target=\"_blank\" rel=\"noopener\">\u00a0ingresar en este acceso<\/a><\/strong>,<\/span> y consultarlo con su n\u00famero de documento podr\u00e1 validar esta informaci\u00f3n.<br \/>\nIngreso Academusoft:\u00a0<span style=\"color: #008000;\"><a style=\"color: #008000;\" href=\"http:\/\/portal.uts.edu.co\/uts\/hermesoft\/vortal\/iniciarSesion.jsp?control=0.8226653822115785\" target=\"_blank\" rel=\"noopener\"><strong>Ingrese aqu\u00ed<\/strong><\/a><\/span><br \/>\nSi necesita\u00a0<span style=\"color: #008000;\"><strong>restaurar su usuario de Academusoft<\/strong><\/span>\u00a0debe enviar un correo electr\u00f3nico al soporte para estudiantes virtuales:<strong><span style=\"color: #008000;\">\u00a0evirtual@correo.uts.edu.co<\/span><\/strong>\u00a0desde\u00a0<strong>solicitud desde su correo institucional<\/strong>\u00a0(Si no tiene acceso al correo institucional debe adjuntar documento de identidad Escaneado no Fotocopia desde su correo personal).<\/div><\/li><li><input type=\"checkbox\" checked><i class=\"green\"><\/i><h4 style=\"color:#09874c;font-size:;padding:;\">App M\u00f3vil<\/h4><div class=\"accordion-content\" style=\"background-color:;color:#000000;font-size:;\">Descarga ahora mismo la aplicaci\u00f3n m\u00f3vil para estudiantes UTS.<br \/>\n<span style=\"color: #008000;\"><strong><a style=\"color: #008000;\" href=\"https:\/\/play.google.com\/store\/apps\/details?id=com.soyuteista\" target=\"_blank\" rel=\"noopener\">Desc\u00e1rgala aqu\u00ed ahora mismo.<\/a><\/strong><\/span><br \/>\nSi tienes nuevas ideas o inquietudes, no dudes en escribirnos al correo:\u00a0<strong>aplicacionmovil@correo.uts.edu.co<\/strong><\/div><\/li><li><input type=\"checkbox\" checked><i class=\"green\"><\/i><h4 style=\"color:#09874c;font-size:;padding:;\">&#x2705; Soporte t\u00e9cnico<\/h4><div class=\"accordion-content\" style=\"background-color:;color:#000000;font-size:;\">Si tienes inconvenientes de \u00edndole t\u00e9cnica, puedes ingresa a nuestro <span style=\"color: #008000;\"><a style=\"color: #008000;\" href=\"https:\/\/www.utsvirtual.edu.co\/sitio\/soporte\/\" target=\"_blank\" rel=\"noopener\"><strong>Soporte t\u00e9cnico<\/strong><\/a><\/span><\/div><\/li><li><input type=\"checkbox\" checked><i class=\"green\"><\/i><h4 style=\"color:#09874c;font-size:;padding:;\">Men\u00fas P\u00e1gina Institucional<\/h4><div class=\"accordion-content\" style=\"background-color:;color:#000000;font-size:;\"><\/p>\n<ul id=\"menu-top-menu\" class=\"menu\">\n<li id=\"menu-item-17\" class=\"menu-item menu-item-type-post_type menu-item-object-page menu-item-has-children menu-item-17\"><a href=\"https:\/\/www.utsvirtual.edu.co\/sitio\/nosotros\/\"><span style=\"color: #008000;\"><strong>Nosotros<\/strong><\/span><i class=\"fa fa-angle-down\"><\/i><\/a>\n<ul class=\"sub-menu\">\n<li id=\"menu-item-1118\" class=\"menu-item menu-item-type-post_type menu-item-object-page menu-item-1118\"><a href=\"https:\/\/www.utsvirtual.edu.co\/sitio\/mision-vision-y-principios\/\">Misi\u00f3n, Visi\u00f3n y Principios<\/a><\/li>\n<li id=\"menu-item-1119\" class=\"menu-item menu-item-type-post_type menu-item-object-page menu-item-1119\"><a href=\"https:\/\/www.utsvirtual.edu.co\/sitio\/direccion\/\">Direcci\u00f3n<\/a><\/li>\n<li id=\"menu-item-1120\" class=\"menu-item menu-item-type-post_type menu-item-object-page menu-item-1120\"><a href=\"https:\/\/www.utsvirtual.edu.co\/sitio\/historia-de-las-uts\/\">Historia de las UTS<\/a><\/li>\n<li id=\"menu-item-1121\" class=\"menu-item menu-item-type-post_type menu-item-object-page menu-item-1121\"><a href=\"https:\/\/www.utsvirtual.edu.co\/sitio\/consejo-directivo-y-academico\/\">Consejo Directivo y Acad\u00e9mico<\/a><\/li>\n<li id=\"menu-item-1122\" class=\"menu-item menu-item-type-post_type menu-item-object-page menu-item-1122\"><a href=\"https:\/\/www.utsvirtual.edu.co\/sitio\/estructura-organizacional\/\">Estructura Organizacional<\/a><\/li>\n<li id=\"menu-item-7352\" class=\"menu-item menu-item-type-post_type menu-item-object-page menu-item-7352\"><a href=\"https:\/\/www.utsvirtual.edu.co\/sitio\/reglamento-academico\/\">Reglamento Acad\u00e9mico<\/a><\/li>\n<li id=\"menu-item-7771\" class=\"menu-item menu-item-type-post_type menu-item-object-page menu-item-7771\"><a href=\"https:\/\/www.utsvirtual.edu.co\/sitio\/cultura-antiplagio-en-las-unidades-tecnologicas-de-santander\/\">Cultura Antiplagio en las Unidades Tecnol\u00f3gicas de Santander<\/a><\/li>\n<\/ul>\n<\/li>\n<li id=\"menu-item-14\" class=\"menu-item menu-item-type-post_type menu-item-object-page current-menu-item page_item page-item-12 current_page_item menu-item-has-children menu-item-14\"><span style=\"color: #008000;\"><a style=\"color: #008000;\" href=\"https:\/\/www.utsvirtual.edu.co\/sitio\/programas\/\"><strong>Oferta Acad\u00e9mica<\/strong><i class=\"fa fa-angle-down\"><\/i><\/a><\/span>\n<ul class=\"sub-menu\">\n<li id=\"menu-item-2146\" class=\"menu-item menu-item-type-custom menu-item-object-custom menu-item-has-children menu-item-2146\"><a href=\"https:\/\/www.utsvirtual.edu.co\/sitio\/programas\/#\">Nivel Tecnol\u00f3gico<\/a><\/li>\n<li class=\"menu-item menu-item-type-custom menu-item-object-custom menu-item-has-children menu-item-2146\"><a href=\"https:\/\/www.utsvirtual.edu.co\/sitio\/programas\/#\">Nivel Profesional<\/a><\/li>\n<\/ul>\n<\/li>\n<li id=\"menu-item-10765\" class=\"menu-item menu-item-type-custom menu-item-object-custom menu-item-has-children menu-item-10765\"><span style=\"color: #008000;\"><a style=\"color: #008000;\" href=\"https:\/\/www.utsvirtual.edu.co\/sitio\/matricula\/#\"><strong>Admisiones<\/strong><i class=\"fa fa-angle-down\"><\/i><\/a><\/span>\n<ul class=\"sub-menu\">\n<li id=\"menu-item-10764\" class=\"menu-item menu-item-type-post_type menu-item-object-page menu-item-10764\"><a href=\"https:\/\/www.utsvirtual.edu.co\/sitio\/admisiones-modalidad-virtual\/\">Admisiones \u2013 Matriculas<\/a><\/li>\n<li id=\"menu-item-11176\" class=\"menu-item menu-item-type-post_type menu-item-object-page menu-item-11176\"><a href=\"https:\/\/www.utsvirtual.edu.co\/sitio\/certificados\/\">Certificados<\/a><\/li>\n<li id=\"menu-item-10766\" class=\"menu-item menu-item-type-custom menu-item-object-custom menu-item-10766\"><a href=\"https:\/\/gdeco.uts.edu.co\/pagosuts\/info.php?bulletProofEco=f84aeaaa865f9bb808896a3d8873a930\">Descarga de Recibos de Pago<\/a><\/li>\n<\/ul>\n<\/li>\n<li><a href=\"https:\/\/www.utsvirtual.edu.co\/sitio\/matricula\/#\"><span style=\"color: #008000;\"><strong>TIC<\/strong><\/span><i class=\"fa fa-angle-down\"><\/i><\/a>\n<ul class=\"sub-menu\">\n<li id=\"menu-item-9394\" class=\"menu-item menu-item-type-post_type menu-item-object-page menu-item-9394\"><a href=\"https:\/\/www.utsvirtual.edu.co\/sitio\/moocs\/\">MOOC<\/a><\/li>\n<li id=\"menu-item-13772\" class=\"menu-item menu-item-type-post_type menu-item-object-page menu-item-13772\"><a href=\"https:\/\/www.utsvirtual.edu.co\/sitio\/espacio-digital-infoma-t\/\">Espacio digital Infoma-T<\/a><\/li>\n<li id=\"menu-item-4530\" class=\"menu-item menu-item-type-custom menu-item-object-custom menu-item-4530\"><a href=\"https:\/\/www.utsvirtual.edu.co\/sitio\/blogsuts\/\">Blogs Institucionales<\/a><\/li>\n<li id=\"menu-item-9521\" class=\"menu-item menu-item-type-post_type menu-item-object-page menu-item-9521\"><a href=\"https:\/\/www.utsvirtual.edu.co\/sitio\/aulas-tutorias-virtuales\/\">Tutor\u00edas Virtuales<\/a><\/li>\n<li id=\"menu-item-13936\" class=\"menu-item menu-item-type-custom menu-item-object-custom menu-item-13936\"><a href=\"https:\/\/virtual1.uts.edu.co\/login\/index.php\">Aulas de Capacitaci\u00f3n<\/a><\/li>\n<li id=\"menu-item-14320\" class=\"menu-item menu-item-type-custom menu-item-object-custom menu-item-14320\"><a href=\"https:\/\/virtual2.uts.edu.co\/moodle\/login\/index.php\">Repositorio Seminarios Virtuales de Grado (Del 2017-II al 2021-II)<\/a><\/li>\n<\/ul>\n<\/li>\n<li><a href=\"https:\/\/www.utsvirtual.edu.co\/sitio\/matricula\/#\"><span style=\"color: #008000;\"><strong>Servicios<\/strong><\/span><i class=\"fa fa-angle-down\"><\/i><\/a>\n<ul class=\"sub-menu\">\n<li id=\"menu-item-10771\" class=\"menu-item menu-item-type-custom menu-item-object-custom menu-item-10771\"><a href=\"http:\/\/repositorio.uts.edu.co:8080\/xmlui\/\">Repositorio Institucional<\/a><\/li>\n<li id=\"menu-item-11378\" class=\"menu-item menu-item-type-post_type menu-item-object-page menu-item-11378\"><a href=\"https:\/\/www.utsvirtual.edu.co\/sitio\/conexionbienestar\/\">Conexi\u00f3n Bienestar<\/a><\/li>\n<li id=\"menu-item-10770\" class=\"menu-item menu-item-type-custom menu-item-object-custom menu-item-10770\"><a href=\"https:\/\/www.uts.edu.co\/sitio\/base-documental-uts\/\">Base Documental<\/a><\/li>\n<li id=\"menu-item-10768\" class=\"menu-item menu-item-type-custom menu-item-object-custom menu-item-10768\"><a href=\"http:\/\/www.uts.edu.co\/sitio\/poliza-estudiantil\/\">P\u00f3liza Estudiantil<\/a><\/li>\n<li id=\"menu-item-10769\" class=\"menu-item menu-item-type-custom menu-item-object-custom menu-item-10769\"><a href=\"http:\/\/www.uts.edu.co\/sitio\/solicitud-correo-institucional\/\">Solicitud Correo Institucional<\/a><\/li>\n<li id=\"menu-item-10772\" class=\"menu-item menu-item-type-custom menu-item-object-custom menu-item-10772\"><a href=\"https:\/\/gdeco.uts.edu.co\/cupones\/\">Liquidaci\u00f3n Matricula<\/a><\/li>\n<li id=\"menu-item-10773\" class=\"menu-item menu-item-type-post_type menu-item-object-page menu-item-10773\"><a href=\"https:\/\/www.utsvirtual.edu.co\/sitio\/directorio-institucional\/\">Directorio Institucional<\/a><\/li>\n<li id=\"menu-item-10774\" class=\"menu-item menu-item-type-custom menu-item-object-custom menu-item-10774\"><a href=\"http:\/\/portal.uts.edu.co\/uts\/hermesoft\/vortal\/iniciarSesion.jsp?control=0.8226653822115785\">Ingreso Academusoft<\/a><\/li>\n<li id=\"menu-item-10829\" class=\"menu-item menu-item-type-custom menu-item-object-custom menu-item-10829\"><a href=\"http:\/\/www.uts.edu.co\/sitio\/biblioteca\/#1570481643264-b5c74b23-5fc2\">Bases de Datos Electr\u00f3nicas<\/a><\/li>\n<li id=\"menu-item-11027\" class=\"menu-item menu-item-type-custom menu-item-object-custom menu-item-11027\"><a href=\"http:\/\/www.uts.edu.co\/sitio\/extension\/\">Extensi\u00f3n Institucional<\/a><\/li>\n<li id=\"menu-item-11416\" class=\"menu-item menu-item-type-custom menu-item-object-custom menu-item-11416\"><a href=\"http:\/\/portal.uts.edu.co\/uts\/hermesoft\/vortal\/general\/paswords\/apl_gen.jsp\">Consultar Usuario Academusoft<\/a><\/li>\n<li id=\"menu-item-11417\" class=\"menu-item menu-item-type-custom menu-item-object-custom menu-item-11417\"><a href=\"http:\/\/correo.uts.edu.co\/\">Ingresar al Correo Institucional.<\/a><\/li>\n<\/ul>\n<\/li>\n<\/ul>\n<p><\/div><\/li><\/ul><\/div><\/div><\/div><\/div><\/div><\/div><\/div><\/div><\/div><\/div><\/div>\n<\/div>","protected":false},"excerpt":{"rendered":"Las Unidades Tecnol\u00f3gicas de Santander presenta a continuaci\u00f3n las directrices para realizar los procesos acad\u00e9micos, procesos de matr\u00edculas de estudiantes nuevos y de estudiantes antiguos, requisitos y modalidades de grados&hellip;","protected":false},"author":2,"featured_media":0,"parent":0,"menu_order":0,"comment_status":"closed","ping_status":"closed","template":"","meta":{"_monsterinsights_skip_tracking":false,"_monsterinsights_sitenote_active":false,"_monsterinsights_sitenote_note":"","_monsterinsights_sitenote_category":0,"_uf_show_specific_survey":0,"_uf_disable_surveys":false,"footnotes":""},"class_list":["post-15305","page","type-page","status-publish","hentry"],"aioseo_notices":[],"_links":{"self":[{"href":"https:\/\/www.utsvirtual.edu.co\/sitio\/wp-json\/wp\/v2\/pages\/15305","targetHints":{"allow":["GET"]}}],"collection":[{"href":"https:\/\/www.utsvirtual.edu.co\/sitio\/wp-json\/wp\/v2\/pages"}],"about":[{"href":"https:\/\/www.utsvirtual.edu.co\/sitio\/wp-json\/wp\/v2\/types\/page"}],"author":[{"embeddable":true,"href":"https:\/\/www.utsvirtual.edu.co\/sitio\/wp-json\/wp\/v2\/users\/2"}],"replies":[{"embeddable":true,"href":"https:\/\/www.utsvirtual.edu.co\/sitio\/wp-json\/wp\/v2\/comments?post=15305"}],"version-history":[{"count":279,"href":"https:\/\/www.utsvirtual.edu.co\/sitio\/wp-json\/wp\/v2\/pages\/15305\/revisions"}],"predecessor-version":[{"id":17899,"href":"https:\/\/www.utsvirtual.edu.co\/sitio\/wp-json\/wp\/v2\/pages\/15305\/revisions\/17899"}],"wp:attachment":[{"href":"https:\/\/www.utsvirtual.edu.co\/sitio\/wp-json\/wp\/v2\/media?parent=15305"}],"curies":[{"name":"wp","href":"https:\/\/api.w.org\/{rel}","templated":true}]}}