{"id":18037,"date":"2026-04-27T01:50:20","date_gmt":"2026-04-27T01:50:20","guid":{"rendered":"https:\/\/www.utsvirtual.edu.co\/sitio\/?page_id=18037"},"modified":"2026-04-27T01:56:33","modified_gmt":"2026-04-27T01:56:33","slug":"tecnologia-en-gestion-del-comercio-exterior-2","status":"publish","type":"page","link":"https:\/\/www.utsvirtual.edu.co\/sitio\/tecnologia-en-gestion-del-comercio-exterior-2\/","title":{"rendered":"Tecnolog\u00eda en Gesti\u00f3n del Comercio Exterior."},"content":{"rendered":"<div class=\"wpb-content-wrapper\"><div class=\"vc_row wpb_row vc_row-fluid\"><div class=\"wpb_animate_when_almost_visible wpb_fadeIn fadeIn wpb_column vc_column_container vc_col-sm-12\"><div class=\"vc_column-inner\"><div class=\"wpb_wrapper\">\n\t<div  class=\"wpb_single_image wpb_content_element vc_align_center wpb_content_element wpb_animate_when_almost_visible wpb_bounceIn bounceIn\">\n\t\t\n\t\t<figure class=\"wpb_wrapper vc_figure\">\n\t\t\t<div class=\"vc_single_image-wrapper   vc_box_border_grey\"><img fetchpriority=\"high\" decoding=\"async\" width=\"1600\" height=\"624\" src=\"https:\/\/www.utsvirtual.edu.co\/sitio\/wp-content\/uploads\/2026\/04\/Imagen-Comercio-Exterior-Micrositio.jpeg\" class=\"vc_single_image-img attachment-full\" alt=\"\" title=\"Imagen Comercio Exterior Micrositio\" srcset=\"https:\/\/www.utsvirtual.edu.co\/sitio\/wp-content\/uploads\/2026\/04\/Imagen-Comercio-Exterior-Micrositio.jpeg 1600w, https:\/\/www.utsvirtual.edu.co\/sitio\/wp-content\/uploads\/2026\/04\/Imagen-Comercio-Exterior-Micrositio-300x117.jpeg 300w, https:\/\/www.utsvirtual.edu.co\/sitio\/wp-content\/uploads\/2026\/04\/Imagen-Comercio-Exterior-Micrositio-1024x399.jpeg 1024w, https:\/\/www.utsvirtual.edu.co\/sitio\/wp-content\/uploads\/2026\/04\/Imagen-Comercio-Exterior-Micrositio-150x59.jpeg 150w, https:\/\/www.utsvirtual.edu.co\/sitio\/wp-content\/uploads\/2026\/04\/Imagen-Comercio-Exterior-Micrositio-768x300.jpeg 768w, https:\/\/www.utsvirtual.edu.co\/sitio\/wp-content\/uploads\/2026\/04\/Imagen-Comercio-Exterior-Micrositio-1536x599.jpeg 1536w\" sizes=\"(max-width: 1600px) 100vw, 1600px\" \/><\/div>\n\t\t<\/figure>\n\t<\/div>\n<\/div><\/div><\/div><\/div><div class=\"vc_row wpb_row vc_row-fluid\"><div class=\"wpb_column vc_column_container vc_col-sm-8\"><div class=\"vc_column-inner\"><div class=\"wpb_wrapper\"><div class=\"vc_message_box vc_message_box-solid-icon vc_message_box-rounded vc_color-peacoc vc_do_message\" ><div class=\"vc_message_box-icon\"><i class=\"\"><\/i><\/div><p><span style=\"color: #008000;\"><strong>Datos generales del programa:<\/strong><\/span><\/p>\n<p style=\"text-align: justify;\"><span style=\"color: #000000;\"><span style=\"color: #008000;\"><strong>Denominaci\u00f3n del Programa<\/strong><strong>:<\/strong><\/span><span style=\"color: #000000;\">\u00a0 Programa de Tecnolog\u00eda en Gesti\u00f3n del Comercio Exterior &#8211; <\/span><em><span style=\"color: #339966;\"><span style=\"color: #339966;\">Articulado en ciclos proped\u00e9uticos con Programa de Negocios Internacionales.\u00a0<\/span><\/span><\/em><\/span><br \/>\n<span style=\"color: #000000;\">Resoluci\u00f3n MEN No. <a href=\"https:\/\/www.utsvirtual.edu.co\/sitio\/wp-content\/uploads\/2026\/04\/R_010643_22042026.pdf\" target=\"_blank\" rel=\"noopener\">010643 de 22 de abril de 2026<\/a> &#8211; <span style=\"color: #339966;\"><em>Vigencia por el termino de siete (7) a\u00f1os.<\/em><\/span><\/span><br \/>\n<span style=\"color: #000000;\"><span style=\"color: #008000;\"><strong>T\u00edtulo Otorgado:<\/strong> <\/span>Profesional en Administraci\u00f3n de Empresas Tur\u00edsticas y Hoteleras.<\/span><br \/>\n<span style=\"color: #000000;\"><span style=\"color: #008000;\"><strong>Duraci\u00f3n del programa:<\/strong><\/span><span style=\"color: #000000;\"> 10 semestres <span style=\"color: #339966;\"><em>( 6 semestres \u2013 12 Trimestres | N\u00famero de cr\u00e9ditos: 96<\/em><\/span><\/span><br \/>\n<span style=\"color: #339966;\"><span style=\"color: #008000;\"><strong>Valor Semestre<\/strong>:<\/span> <span style=\"color: #000000;\">2 Salarios m\u00ednimos legales mensuales vigentes.<\/span><\/span><br \/>\n<span style=\"color: #000000;\"><span style=\"color: #008000;\"><strong>Modalidad:<\/strong><\/span> Virtual<\/span><\/span><\/p>\n<\/div><div class=\"vc_message_box vc_message_box-solid-icon vc_message_box-rounded vc_color-peacoc vc_do_message\" ><div class=\"vc_message_box-icon\"><i class=\"\"><\/i><\/div><p><span style=\"color: #008000;\"><strong>Presentaci\u00f3n del programa:<\/strong><\/span><\/p>\n<p>El programa acad\u00e9mico Tecnolog\u00eda en Gesti\u00f3n del Comercio Exterior, articulado por ciclo proped\u00e9utico con el programa de Negocios Internacionales, se estructura conforme a los lineamientos establecidos por el Ministerio de Educaci\u00f3n Nacional, en particular lo dispuesto en el art\u00edculo 2.5.3.2.7.1 del Decreto 1330 de 2019, el cual define el ciclo proped\u00e9utico como una fase de formaci\u00f3n que permite al estudiante avanzar progresivamente en su desarrollo profesional, mediante una organizaci\u00f3n curricular basada en la flexibilidad, secuencialidad y complementariedad.<\/p>\n<p>En este sentido, el dise\u00f1o curricular del programa se organiza en dos niveles formativos articulados: una fase tecnol\u00f3gica, correspondiente a la Tecnolog\u00eda en Gesti\u00f3n del Comercio Exterior, y una fase profesional, correspondiente al programa de Negocios Internacionales. Ambas se integran a trav\u00e9s de un componente proped\u00e9utico que garantiza la continuidad acad\u00e9mica y la coherencia en el desarrollo de competencias.<\/p>\n<p>Esta estructura acad\u00e9mica promueve una formaci\u00f3n integral, progresiva y pertinente, permitiendo al estudiante avanzar en su proceso educativo de acuerdo con sus intereses, capacidades y proyecci\u00f3n profesional. De esta manera, el egresado del nivel tecnol\u00f3gico adquiere una base s\u00f3lida en conocimientos, habilidades y actitudes orientadas a la gesti\u00f3n operativa del comercio exterior, lo cual le facilita su tr\u00e1nsito hacia el nivel profesional, donde fortalece competencias estrat\u00e9gicas, investigativas y de liderazgo en contextos internacionales.<\/p>\n<p>Asimismo, en concordancia con la Pol\u00edtica para el Dise\u00f1o y Actualizaci\u00f3n Curricular de Programas Acad\u00e9micos de las Unidades Tecnol\u00f3gicas de Santander (2021), el programa se orienta a garantizar la pertinencia, flexibilidad, articulaci\u00f3n y continuidad formativa, asegurando que los contenidos curriculares y las competencias desarrolladas en el nivel tecnol\u00f3gico se integren de manera arm\u00f3nica con los prop\u00f3sitos de formaci\u00f3n del programa de Negocios Internacionales.<\/p>\n<\/div><\/div><\/div><\/div><div class=\"wpb_column vc_column_container vc_col-sm-4\"><div class=\"vc_column-inner\"><div class=\"wpb_wrapper\"><div class=\"vc_btn3-container vc_btn3-center vc_do_btn\" ><a class=\"vc_general vc_btn3 vc_btn3-size-lg vc_btn3-shape-rounded vc_btn3-style-modern vc_btn3-icon-left vc_btn3-color-green\" href=\"https:\/\/www.utsvirtual.edu.co\/sitio\/admisiones-modalidad-virtual\/\" title=\"Admisiones\"><i class=\"vc_btn3-icon fa fa-address-card-o\"><\/i> \u00a1Inscr\u00edbete ya!<\/a><\/div><div class=\"vc_separator wpb_content_element vc_separator_align_center vc_sep_width_100 vc_sep_border_width_2 vc_sep_pos_align_center vc_separator_no_text vc_sep_color_green wpb_content_element  wpb_content_element\" ><span class=\"vc_sep_holder vc_sep_holder_l\"><span class=\"vc_sep_line\"><\/span><\/span><span class=\"vc_sep_holder vc_sep_holder_r\"><span class=\"vc_sep_line\"><\/span><\/span>\n<\/div>\n\t<div class=\"wpb_text_column wpb_content_element vc_custom_1696392639969\" >\n\t\t<div class=\"wpb_wrapper\">\n\t\t\t<p style=\"text-align: center;\">\n<div class=\"wpcf7 no-js\" id=\"wpcf7-f11251-o1\" lang=\"es-CO\" dir=\"ltr\" data-wpcf7-id=\"11251\">\n<div class=\"screen-reader-response\"><p role=\"status\" aria-live=\"polite\" aria-atomic=\"true\"><\/p> <ul><\/ul><\/div>\n<form action=\"\/sitio\/wp-json\/wp\/v2\/pages\/18037#wpcf7-f11251-o1\" method=\"post\" class=\"wpcf7-form init\" aria-label=\"Formulario de contacto\" novalidate=\"novalidate\" data-status=\"init\">\n<fieldset class=\"hidden-fields-container\"><input type=\"hidden\" name=\"_wpcf7\" value=\"11251\" \/><input type=\"hidden\" name=\"_wpcf7_version\" value=\"6.1.5\" \/><input type=\"hidden\" name=\"_wpcf7_locale\" value=\"es_CO\" \/><input type=\"hidden\" name=\"_wpcf7_unit_tag\" value=\"wpcf7-f11251-o1\" \/><input type=\"hidden\" name=\"_wpcf7_container_post\" value=\"0\" \/><input type=\"hidden\" name=\"_wpcf7_posted_data_hash\" value=\"\" \/><input type=\"hidden\" name=\"_wpcf7_recaptcha_response\" value=\"\" \/>\n<\/fieldset>\n<p><label> Nombre:<br \/>\n<span class=\"wpcf7-form-control-wrap\" data-name=\"your-name\"><input size=\"40\" maxlength=\"400\" class=\"wpcf7-form-control wpcf7-text wpcf7-validates-as-required\" aria-required=\"true\" aria-invalid=\"false\" value=\"\" type=\"text\" name=\"your-name\" \/><\/span> <\/label>\n<\/p>\n<p><label> Correo Electr\u00f3nico:<br \/>\n<span class=\"wpcf7-form-control-wrap\" data-name=\"your-email\"><input size=\"40\" maxlength=\"400\" class=\"wpcf7-form-control wpcf7-email wpcf7-validates-as-required wpcf7-text wpcf7-validates-as-email\" aria-required=\"true\" aria-invalid=\"false\" value=\"\" type=\"email\" name=\"your-email\" \/><\/span> <\/label>\n<\/p>\n<p><label>Tel\u00e9fono:<br \/>\n<span class=\"wpcf7-form-control-wrap\" data-name=\"tel-114\"><input size=\"40\" maxlength=\"400\" class=\"wpcf7-form-control wpcf7-tel wpcf7-text wpcf7-validates-as-tel\" aria-invalid=\"false\" value=\"\" type=\"tel\" name=\"tel-114\" \/><\/span> <\/label>\n<\/p>\n<p><label> Autorizo el tratamiento de mis datos personales: <span class=\"wpcf7-form-control-wrap\" data-name=\"acceptance\"><span class=\"wpcf7-form-control wpcf7-acceptance\"><span class=\"wpcf7-list-item\"><input type=\"checkbox\" name=\"acceptance\" value=\"1\" aria-invalid=\"false\" \/><\/span><\/span><\/span> <\/label><br \/>\n<a href=\"https:\/\/www.uts.edu.co\/sitio\/wp-content\/uploads\/normatividad\/acuerdos\/acu-65.pdf?_t=1621357271\" target=\"_blank\" style=\"color:#018BFF\";>Ver autorizaci\u00f3n para tratamiento de datos<\/a>\n<\/p>\n<p><input class=\"wpcf7-form-control wpcf7-submit has-spinner\" type=\"submit\" value=\"Enviar\" \/>\n<\/p><div class=\"wpcf7-response-output\" aria-hidden=\"true\"><\/div>\n<\/form>\n<\/div>\n\n\t\t<\/div>\n\t<\/div>\n<\/div><\/div><\/div><\/div><div class=\"vc_row wpb_row vc_row-fluid vc_custom_1588895802102 vc_row-has-fill\"><div class=\"wpb_column vc_column_container vc_col-sm-8\"><div class=\"vc_column-inner\"><div class=\"wpb_wrapper\">\n\t<div class=\"wpb_text_column wpb_content_element\" >\n\t\t<div class=\"wpb_wrapper\">\n\t\t\t<p style=\"text-align: center;\"><span style=\"color: #ffffff;\">El plan de estudios est\u00e1 dise\u00f1ado de forma modular para aprovechar el tiempo de autoestudio y el trabajo colaborativo.<\/span><\/p>\n\n\t\t<\/div>\n\t<\/div>\n<\/div><\/div><\/div><div class=\"wpb_column vc_column_container vc_col-sm-4\"><div class=\"vc_column-inner\"><div class=\"wpb_wrapper\">\n\t<div class=\"wpb_text_column wpb_content_element\" >\n\t\t<div class=\"wpb_wrapper\">\n\t\t\t<p style=\"text-align: center;\"><button class=\"btn btn-info sg-popup-id-1241\" type=\"button\"><a href=\"https:\/\/www.utsvirtual.edu.co\/sitio\/wp-content\/uploads\/2026\/04\/TECNOLOGIA-EN-GESTION-DEL-COMERCIO-EXTERIOR.pdf\" target=\"_blank\" rel=\"noopener\">Consultar Plan de estudios TGCEXV<\/a><\/button><\/p>\n\n\t\t<\/div>\n\t<\/div>\n<\/div><\/div><\/div><\/div><div class=\"vc_row wpb_row vc_row-fluid\"><div class=\"wpb_column vc_column_container vc_col-sm-12\"><div class=\"vc_column-inner\"><div class=\"wpb_wrapper\"><div class=\"vc_message_box vc_message_box-standard vc_message_box-rounded vc_color-pink vc_do_message\" ><div class=\"vc_message_box-icon\"><i class=\"fa fa-solid fa-circle-info\"><\/i><\/div><p><span style=\"color: #ffffff;\"><span style=\"color: #ff0000;\"><strong>Recuerde que debe cursar los dos niveles de Ingl\u00e9s I y II del programa acad\u00e9mico, estos se cursan a trav\u00e9s de matriculaci\u00f3n desde la Coordinaci\u00f3n de idiomas.<\/strong><\/span><\/span><\/p>\n<\/div>\n\t<div class=\"wpb_text_column wpb_content_element\" >\n\t\t<div class=\"wpb_wrapper\">\n\t\t\t<h3 style=\"text-align: left;\"><strong><span style=\"color: #008000;\">Perfil Profesional<\/span><\/strong><\/h3>\n<div class=\"parrafo-siderbar\">\n<p>El Tecn\u00f3logo en Gesti\u00f3n del Comercio Exterior, es un profesional con pensamiento cr\u00edtico, compromiso \u00e9tico y actitud emprendedora, que ejecuta procesos log\u00edsticos, aduaneros y operativos del comercio internacional de bienes y servicios, conforme a la normativa vigente y los acuerdos comerciales multilaterales, asegurando el cumplimiento de los est\u00e1ndares de calidad, legalidad y eficiencia.<\/p>\n<p>Est\u00e1 capacitado para identificar oportunidades de exportaci\u00f3n e importaci\u00f3n mediante el an\u00e1lisis de mercados, preferencias arancelarias y normativas internacionales, contribuyendo a la inserci\u00f3n de las empresas regionales en los mercados globales. Emplea herramientas tecnol\u00f3gicas y sistemas de informaci\u00f3n para la gesti\u00f3n documental, trazabilidad de mercanc\u00edas y optimizaci\u00f3n de la cadena log\u00edstica internacional, fortaleciendo la toma de decisiones en contextos digitales y globalizados.<\/p>\n<p>Aplica criterios de sostenibilidad y responsabilidad social en los procesos comerciales, aduaneros y log\u00edsticos, minimizando el impacto ambiental y promoviendo el desarrollo econ\u00f3mico regional. Asimismo, desarrolla habilidades comunicativas, de negociaci\u00f3n intercultural y trabajo colaborativo en entornos virtuales, lo que le permite construir relaciones comerciales exitosas con actores internacionales.<\/p>\n<p>El Tecn\u00f3logo en Gesti\u00f3n del Comercio Exterior est\u00e1 preparado para enfrentar los desaf\u00edos del entorno globalizado, contribuyendo al fortalecimiento de la competitividad empresarial del pa\u00eds y sentando las bases para avanzar hacia roles estrat\u00e9gicos, gerenciales y de liderazgo en el nivel profesional universitario.<\/p>\n<\/div>\n\n\t\t<\/div>\n\t<\/div>\n<div class=\"vc_separator wpb_content_element vc_separator_align_center vc_sep_width_100 vc_sep_border_width_2 vc_sep_pos_align_center vc_separator_no_text vc_sep_color_green wpb_content_element  wpb_content_element\" ><span class=\"vc_sep_holder vc_sep_holder_l\"><span class=\"vc_sep_line\"><\/span><\/span><span class=\"vc_sep_holder vc_sep_holder_r\"><span class=\"vc_sep_line\"><\/span><\/span>\n<\/div><\/div><\/div><\/div><\/div><div class=\"vc_row wpb_row vc_row-fluid\"><div class=\"wpb_column vc_column_container vc_col-sm-6\"><div class=\"vc_column-inner\"><div class=\"wpb_wrapper\">\n\t<div class=\"wpb_text_column wpb_content_element\" >\n\t\t<div class=\"wpb_wrapper\">\n\t\t\t<h3 class=\"titulo-siderbar\"><strong><span style=\"color: #008000;\">Campos de Acci\u00f3n<\/span><\/strong><\/h3>\n<div class=\"parrafo-siderbar\">\n<ul>\n<li>Asistente en operaciones aduaneras en agencias de aduanas, zonas francas, dep\u00f3sitos habilitados o entidades de control aduanero.<\/li>\n<li>Apoyo operativo en log\u00edstica internacional, en procesos de importaci\u00f3n y exportaci\u00f3n de bienes, incluyendo transporte multimodal y distribuci\u00f3n f\u00edsica internacional.<\/li>\n<li>Auxiliar t\u00e9cnico en departamentos de comercio exterior, en empresas manufactureras, agroindustriales, comerciales o de servicios con proyecci\u00f3n internacional.<\/li>\n<li>Asistente de abastecimiento y compras internacionales, vinculado a procesos de negociaci\u00f3n con proveedores globales y seguimiento log\u00edstico.<\/li>\n<li>\u00a0T\u00e9cnico de an\u00e1lisis de mercados internacionales, en entidades de promoci\u00f3n, c\u00e1maras de comercio, gremios o unidades de inteligencia comercial.<\/li>\n<li>Operador documental en comercio exterior, encargado de la elaboraci\u00f3n, revisi\u00f3n y gesti\u00f3n de documentos como facturas comerciales, listas de empaque, certificados y declaraciones.<\/li>\n<li>Apoyo en clasificaci\u00f3n arancelaria y valoraci\u00f3n aduanera, para la correcta codificaci\u00f3n, tarifaci\u00f3n y legalizaci\u00f3n de mercanc\u00edas en aduana.<\/li>\n<li>Asistente log\u00edstico en transporte internacional, coordinando operaciones en modos a\u00e9reo, mar\u00edtimo, terrestre o multimodal, conforme a normativas.<\/li>\n<li>Asistente en gesti\u00f3n comercial internacional, en consulados, entidades binacionales, c\u00e1maras de integraci\u00f3n o agencias de promoci\u00f3n de exportaciones.<\/li>\n<li>Facilitador de comunicaci\u00f3n y negociaci\u00f3n intercultural, en entornos digitales de comercio global, contribuyendo al \u00e9xito de alianzas comerciales.<\/li>\n<li>Apoyo en log\u00edstica inversa y operaciones sostenibles, participando en procesos de recuperaci\u00f3n de materiales, cumplimiento ambiental y trazabilidad en cadenas internacionales.<\/li>\n<\/ul>\n<\/div>\n\n\t\t<\/div>\n\t<\/div>\n<\/div><\/div><\/div><div class=\"wpb_column vc_column_container vc_col-sm-6\"><div class=\"vc_column-inner\"><div class=\"wpb_wrapper\">\n\t<div class=\"wpb_text_column wpb_content_element\" >\n\t\t<div class=\"wpb_wrapper\">\n\t\t\t<div class=\"wpb_text_column wpb_content_element \">\n<div class=\"wpb_wrapper\">\n<div class=\"wpb_text_column wpb_content_element \">\n<div class=\"wpb_wrapper\">\n<h3 class=\"blanco\"><span style=\"color: #008000;\"><strong><span class=\"naranja\">\u00a1CONT\u00c1CTANOS<\/span>\u00a0<\/strong>YA!<\/span><\/h3>\n<\/div>\n<\/div>\n<div class=\"wpb_text_column wpb_content_element vc_custom_1509129306995\">\n<div class=\"wpb_wrapper\">\n<p><span style=\"color: #000000;\"><br \/>\nCoordinaci\u00f3n Tecnolog\u00eda en Gesti\u00f3n del Comercio Exterior<br \/>\nTel: (+57)+607 + 6917700 ext. 4308<br \/>\n<span style=\"color: #008000;\"><strong><span style=\"color: #339966;\">Correo Coordinaci\u00f3n<\/span><span style=\"color: #339966;\">:<\/span><\/strong><\/span> <a href=\"mailto:virtualcomercioexterior@correo.uts.edu.co\">virtualcomercioexterior@correo.uts.edu.co<\/a><\/span><\/p>\n<\/div>\n<\/div>\n<\/div>\n<\/div>\n\n\t\t<\/div>\n\t<\/div>\n<\/div><\/div><\/div><\/div>\n<\/div>","protected":false},"excerpt":{"rendered":"Datos generales del programa: Denominaci\u00f3n del Programa:\u00a0 Programa de Tecnolog\u00eda en Gesti\u00f3n del Comercio Exterior - Articulado en ciclos proped\u00e9uticos con Programa de Negocios Internacionales.\u00a0 Resoluci\u00f3n MEN No. 010643 de&hellip;","protected":false},"author":1,"featured_media":0,"parent":0,"menu_order":0,"comment_status":"closed","ping_status":"closed","template":"","meta":{"_monsterinsights_skip_tracking":false,"_monsterinsights_sitenote_active":false,"_monsterinsights_sitenote_note":"","_monsterinsights_sitenote_category":0,"_uf_show_specific_survey":0,"_uf_disable_surveys":false,"footnotes":""},"class_list":["post-18037","page","type-page","status-publish","hentry"],"aioseo_notices":[],"_links":{"self":[{"href":"https:\/\/www.utsvirtual.edu.co\/sitio\/wp-json\/wp\/v2\/pages\/18037","targetHints":{"allow":["GET"]}}],"collection":[{"href":"https:\/\/www.utsvirtual.edu.co\/sitio\/wp-json\/wp\/v2\/pages"}],"about":[{"href":"https:\/\/www.utsvirtual.edu.co\/sitio\/wp-json\/wp\/v2\/types\/page"}],"author":[{"embeddable":true,"href":"https:\/\/www.utsvirtual.edu.co\/sitio\/wp-json\/wp\/v2\/users\/1"}],"replies":[{"embeddable":true,"href":"https:\/\/www.utsvirtual.edu.co\/sitio\/wp-json\/wp\/v2\/comments?post=18037"}],"version-history":[{"count":7,"href":"https:\/\/www.utsvirtual.edu.co\/sitio\/wp-json\/wp\/v2\/pages\/18037\/revisions"}],"predecessor-version":[{"id":18052,"href":"https:\/\/www.utsvirtual.edu.co\/sitio\/wp-json\/wp\/v2\/pages\/18037\/revisions\/18052"}],"wp:attachment":[{"href":"https:\/\/www.utsvirtual.edu.co\/sitio\/wp-json\/wp\/v2\/media?parent=18037"}],"curies":[{"name":"wp","href":"https:\/\/api.w.org\/{rel}","templated":true}]}}